{"id":2023,"date":"2017-08-01T16:30:18","date_gmt":"2017-08-01T14:30:18","guid":{"rendered":"http:\/\/www.sick-stiftung.org\/?post_type=avada_portfolio&#038;p=2023"},"modified":"2019-05-02T11:38:21","modified_gmt":"2019-05-02T09:38:21","slug":"ihk-foerderpreis","status":"publish","type":"avada_portfolio","link":"https:\/\/www.sick-stiftung.org\/ges\/unsere projekte\/ihk-foerderpreis\/","title":{"rendered":"Spitzenleistung wird belohnt &#8211; IHK-F\u00f6rderpreis der Gisela und Erwin Sick Stiftung"},"content":{"rendered":"<p class=\"p1\"><b>Die IHK S\u00fcdlicher Oberrhein verleiht j\u00e4hrlich F\u00f6rderpreise an besonders begabte Ausbildungsabsolventen. Diese honorieren die Besten und erm\u00f6glichen es ihnen, sich weiter fortzubilden. Getragen werden die F\u00f6rderpreise durch das besondere Engagement zahlreicher Pers\u00f6nlichkeiten und Unternehmen aus der Region S\u00fcdlicher Oberrhein. Die F\u00f6rderpreise sollen den Empf\u00e4ngern eine Weiterbildung erm\u00f6glichen, die insbesondere ihrer internationalen beruflichen Mobilit\u00e4t dient.<\/b><\/p>\n<p class=\"p1\"><!--more--><\/p>\n<p class=\"p1\">Im Jahr 2016 beteiligte sich die Gisela und Erwin Sick Stiftung bereits zum zwanzigsten Mal mit einem besonderen Preis f\u00fcr besonders begabte Absolventinnen und Absolventen in Metall- und Elektroberufen.<\/p>\n","protected":false},"excerpt":{"rendered":"<p>Die IHK S\u00fcdlicher Oberrhein verleiht j\u00e4hrlich F\u00f6rderpreise an besonders begabte Ausbildungsabsolventen. <\/p>\n","protected":false},"author":1,"featured_media":2025,"menu_order":0,"comment_status":"open","ping_status":"closed","template":"","format":"standard","meta":[],"portfolio_category":[33,12],"portfolio_skills":[],"portfolio_tags":[37,38],"_links":{"self":[{"href":"https:\/\/www.sick-stiftung.org\/ges\/wp-json\/wp\/v2\/avada_portfolio\/2023"}],"collection":[{"href":"https:\/\/www.sick-stiftung.org\/ges\/wp-json\/wp\/v2\/avada_portfolio"}],"about":[{"href":"https:\/\/www.sick-stiftung.org\/ges\/wp-json\/wp\/v2\/types\/avada_portfolio"}],"author":[{"embeddable":true,"href":"https:\/\/www.sick-stiftung.org\/ges\/wp-json\/wp\/v2\/users\/1"}],"replies":[{"embeddable":true,"href":"https:\/\/www.sick-stiftung.org\/ges\/wp-json\/wp\/v2\/comments?post=2023"}],"version-history":[{"count":0,"href":"https:\/\/www.sick-stiftung.org\/ges\/wp-json\/wp\/v2\/avada_portfolio\/2023\/revisions"}],"wp:featuredmedia":[{"embeddable":true,"href":"https:\/\/www.sick-stiftung.org\/ges\/wp-json\/wp\/v2\/media\/2025"}],"wp:attachment":[{"href":"https:\/\/www.sick-stiftung.org\/ges\/wp-json\/wp\/v2\/media?parent=2023"}],"wp:term":[{"taxonomy":"portfolio_category","embeddable":true,"href":"https:\/\/www.sick-stiftung.org\/ges\/wp-json\/wp\/v2\/portfolio_category?post=2023"},{"taxonomy":"portfolio_skills","embeddable":true,"href":"https:\/\/www.sick-stiftung.org\/ges\/wp-json\/wp\/v2\/portfolio_skills?post=2023"},{"taxonomy":"portfolio_tags","embeddable":true,"href":"https:\/\/www.sick-stiftung.org\/ges\/wp-json\/wp\/v2\/portfolio_tags?post=2023"}],"curies":[{"name":"wp","href":"https:\/\/api.w.org\/{rel}","templated":true}]}}