{"id":1001,"date":"2017-05-31T12:28:13","date_gmt":"2017-05-31T10:28:13","guid":{"rendered":"http:\/\/www.sick-stiftung.org\/?page_id=1001"},"modified":"2019-06-25T11:48:05","modified_gmt":"2019-06-25T09:48:05","slug":"foerderbereiche","status":"publish","type":"page","link":"https:\/\/www.sick-stiftung.org\/ges\/foerderbereiche\/","title":{"rendered":"F\u00f6rderbereiche"},"content":{"rendered":"<p><div class=\"fusion-fullwidth fullwidth-box fusion-builder-row-1 nonhundred-percent-fullwidth non-hundred-percent-height-scrolling\" style=\"background-color: rgba(255,255,255,0);background-position: center center;background-repeat: no-repeat;padding-top:0px;padding-right:5%;padding-bottom:0px;padding-left:5%;margin-bottom: 0px;margin-top: 0px;border-width: 0px 0px 0px 0px;border-color:#eae9e9;border-style:solid;\" ><div class=\"fusion-builder-row fusion-row\"><div class=\"fusion-layout-column fusion_builder_column fusion-builder-column-0 fusion_builder_column_1_1 1_1 fusion-one-full fusion-column-first fusion-column-last\" style=\"margin-top:0px;margin-bottom:0px;\"><div class=\"fusion-column-wrapper fusion-flex-column-wrapper-legacy\" style=\"background-position:left top;background-repeat:no-repeat;-webkit-background-size:cover;-moz-background-size:cover;-o-background-size:cover;background-size:cover;padding: 0px 0px 0px 0px;\"><div class=\"fusion-sep-clear\"><\/div><div class=\"fusion-separator fusion-full-width-sep\" style=\"margin-left: auto;margin-right: auto;margin-top:3%;width:100%;\"><\/div><div class=\"fusion-sep-clear\"><\/div><style type=\"text\/css\"><\/style><div class=\"fusion-title title fusion-title-1 fusion-sep-none fusion-title-center fusion-title-text fusion-title-size-one\" style=\"margin-top:0px;margin-bottom:31px;\"><h1 class=\"title-heading-center\" style=\"margin:0;\"><h1 style=\"text-align: center; color: #514f4d;\">Jugend, Bildung und Beruf<\/h1><\/h1><\/div><div class=\"fusion-sep-clear\"><\/div><div class=\"fusion-separator\" style=\"margin-left: auto;margin-right: auto;width:100%;max-width:70%;\"><div class=\"fusion-separator-border sep-single sep-solid\" style=\"border-color:#e0dede;border-top-width:1px;\"><\/div><\/div><div class=\"fusion-sep-clear\"><\/div><div class=\"fusion-sep-clear\"><\/div><div class=\"fusion-separator fusion-full-width-sep\" style=\"margin-left: auto;margin-right: auto;margin-top:2%;width:100%;\"><\/div><div class=\"fusion-sep-clear\"><\/div><div class=\"fusion-text fusion-text-1\" style=\"transform:translate3d(0,0,0);\"><p class=\"p1\">Einen guten Schulabschluss erreichen, den richtigen Beruf finden, den Einstieg in die Arbeitswelt meistern \u2013 diese Meilensteine ebnen den Weg f\u00fcr ein erfolgreiches Berufsleben und die Integration in die Gesellschaft. Die Gisela und Erwin Sick Stiftung will mit ihrem Engagement jungen Menschen Orientierung und Hilfe geben und zugleich die Integration von bildungsbenachteiligten Kindern und Jugendlichen erm\u00f6glichen.<\/p>\n<\/div><div class=\"fusion-sep-clear\"><\/div><div class=\"fusion-separator fusion-full-width-sep\" style=\"margin-left: auto;margin-right: auto;margin-top:2%;width:100%;\"><\/div><div class=\"fusion-sep-clear\"><\/div><style type=\"text\/css\"><\/style><div class=\"fusion-title title fusion-title-2 fusion-sep-none fusion-title-center fusion-title-text fusion-title-size-one\" style=\"margin-top:0px;margin-bottom:31px;\"><h1 class=\"title-heading-center\" style=\"margin:0;\"><h3 style=\"text-align: center; color: #44a5d8;\"><span style=\"color: #514f4d;\">Aktuelle Projekte:<\/span> <span style=\"color: #44a5d8;\"><a style=\"color: #44a5d8;\" href=\"https:\/\/www.sick-stiftung.org\/ges\/portfolio_category\/schule-bildung-beruf\/\">Jugend, Bildung und Beruf<\/a><\/span><\/h3><\/h1><\/div><div class=\"fusion-sep-clear\"><\/div><div class=\"fusion-separator fusion-full-width-sep\" style=\"margin-left: auto;margin-right: auto;margin-top:2%;width:100%;\"><\/div><div class=\"fusion-sep-clear\"><\/div><div class=\"fusion-recent-works fusion-portfolio-element fusion-portfolio fusion-portfolio-1 fusion-portfolio-grid fusion-portfolio-paging-none fusion-portfolio-three fusion-portfolio-no_text fusion-portfolio-rollover\" data-id=\"-rw-1\" data-columns=\"three\"><style type=\"text\/css\">.fusion-portfolio-1 .fusion-portfolio-wrapper .fusion-col-spacing{padding:32.5px;}<\/style><div class=\"fusion-portfolio-wrapper\" id=\"fusion-portfolio-1\" data-picturesize=\"auto\" data-pages=\"2\" style=\"margin:-32.5px;\"><article id=\"portfolio-1-post-3982\" class=\"fusion-portfolio-post schule-bildung-beruf wissenschaft-und-forschung fusion-col-spacing post-3982\"><div class=\"fusion-portfolio-content-wrapper\" style=\"border:none;\"><span class=\"entry-title rich-snippet-hidden\">F\u00f6rderpreisverleihung HS Offenburg<\/span><span class=\"vcard rich-snippet-hidden\"><span class=\"fn\"><a href=\"https:\/\/www.sick-stiftung.org\/ges\/author\/eva-franke-maurus\/\" title=\"Beitr\u00e4ge von Eva Franke-Maurus\" rel=\"author\">Eva Franke-Maurus<\/a><\/span><\/span><span class=\"updated rich-snippet-hidden\">2025-05-28T11:24:39+02:00<\/span>\n\n<div  class=\"fusion-image-wrapper\" aria-haspopup=\"true\">\n\t\n\t\n\t\n\t\t\n\t\t\t\t\t<img width=\"2560\" height=\"1836\" src=\"https:\/\/www.sick-stiftung.org\/ges\/wp-content\/uploads\/2025\/05\/DSC04368-scaled-e1748422809532.jpg\" class=\"attachment-full size-full wp-post-image\" alt=\"\" srcset=\"https:\/\/www.sick-stiftung.org\/ges\/wp-content\/uploads\/2025\/05\/DSC04368-scaled-e1748422809532-200x143.jpg 200w, https:\/\/www.sick-stiftung.org\/ges\/wp-content\/uploads\/2025\/05\/DSC04368-scaled-e1748422809532-400x287.jpg 400w, https:\/\/www.sick-stiftung.org\/ges\/wp-content\/uploads\/2025\/05\/DSC04368-scaled-e1748422809532-600x430.jpg 600w, https:\/\/www.sick-stiftung.org\/ges\/wp-content\/uploads\/2025\/05\/DSC04368-scaled-e1748422809532-800x574.jpg 800w, https:\/\/www.sick-stiftung.org\/ges\/wp-content\/uploads\/2025\/05\/DSC04368-scaled-e1748422809532-1200x861.jpg 1200w, https:\/\/www.sick-stiftung.org\/ges\/wp-content\/uploads\/2025\/05\/DSC04368-scaled-e1748422809532.jpg 2560w\" sizes=\"(min-width: 2200px) 100vw, (min-width: 784px) 323px, (min-width: 712px) 485px, (min-width: 640px) 712px, \" \/>\n\t\n\n\t\t<div class=\"fusion-rollover\">\n\t<div class=\"fusion-rollover-content\">\n\n\t\t\t\t\t\t\t\t\t\t\t\t\t\t<a class=\"fusion-rollover-link\" href=\"https:\/\/www.sick-stiftung.org\/ges\/unsere%20projekte\/foerderpreisverleihung-hs-offenburg\/?portfolioCats=14\">F\u00f6rderpreisverleihung HS Offenburg<\/a>\n\t\t\t\n\t\t\t\t\t\t\t\t\t\t\t\t\t\t\n\t\t\t\t\t\t\t\t\n\t\t\t\t\t\t\t\t\t\t\t\t\t<div class=\"fusion-rollover-sep\"><\/div>\n\t\t\t\t\n\t\t\t\t\t\t\t\t\t\t\t\t\t\t\t\t\t\t<a class=\"fusion-rollover-gallery\" href=\"https:\/\/www.sick-stiftung.org\/ges\/wp-content\/uploads\/2025\/05\/DSC04368-scaled-e1748422809532.jpg\" data-id=\"3982\" data-rel=\"iLightbox[gallery-rw-1]\" data-title=\"DSC04368\" data-caption=\"\">\n\t\t\t\t\t\tGallerie\t\t\t\t\t<\/a>\n\t\t\t\t\t\t\t\t\t\t\t\t\t\t\n\t\t\t\t\n\t\t\t\t\t\t\t\t\t\t\t\t<h4 class=\"fusion-rollover-title\">\n\t\t\t\t\t<a class=\"fusion-rollover-title-link\" href=\"https:\/\/www.sick-stiftung.org\/ges\/unsere%20projekte\/foerderpreisverleihung-hs-offenburg\/?portfolioCats=14\">\n\t\t\t\t\t\tF\u00f6rderpreisverleihung HS Offenburg\t\t\t\t\t<\/a>\n\t\t\t\t<\/h4>\n\t\t\t\n\t\t\t\t\t\t\t\t\t\t\t\t\t\t<div class=\"fusion-rollover-categories\"><a href=\"https:\/\/www.sick-stiftung.org\/ges\/portfolio_category\/schule-bildung-beruf\/\" rel=\"tag\">Jugend, Bildung und Beruf<\/a>, <a href=\"https:\/\/www.sick-stiftung.org\/ges\/portfolio_category\/wissenschaft-und-forschung\/\" rel=\"tag\">Wissenschaft und Forschung<\/a><\/div>\t\t\t\t\t\n\t\t\n\t\t\t\t<a class=\"fusion-link-wrapper\" href=\"https:\/\/www.sick-stiftung.org\/ges\/unsere%20projekte\/foerderpreisverleihung-hs-offenburg\/?portfolioCats=14\" aria-label=\"F\u00f6rderpreisverleihung HS Offenburg\"><\/a>\n\t<\/div>\n<\/div>\n\n\t\n<\/div>\n<\/div><\/article><article id=\"portfolio-1-post-3717\" class=\"fusion-portfolio-post schule-bildung-beruf fusion-col-spacing post-3717\"><div class=\"fusion-portfolio-content-wrapper\" style=\"border:none;\"><span class=\"entry-title rich-snippet-hidden\">Mit den H\u00e4nden erschaffen<\/span><span class=\"vcard rich-snippet-hidden\"><span class=\"fn\"><a href=\"https:\/\/www.sick-stiftung.org\/ges\/author\/eva-franke-maurus\/\" title=\"Beitr\u00e4ge von Eva Franke-Maurus\" rel=\"author\">Eva Franke-Maurus<\/a><\/span><\/span><span class=\"updated rich-snippet-hidden\">2023-12-15T21:24:16+01:00<\/span>\n\n<div  class=\"fusion-image-wrapper\" aria-haspopup=\"true\">\n\t\n\t\n\t\n\t\t\n\t\t\t\t\t<img width=\"1920\" height=\"2560\" src=\"https:\/\/www.sick-stiftung.org\/ges\/wp-content\/uploads\/2023\/12\/20230531_153513-scaled.jpg\" class=\"attachment-full size-full wp-post-image\" alt=\"\" srcset=\"https:\/\/www.sick-stiftung.org\/ges\/wp-content\/uploads\/2023\/12\/20230531_153513-200x267.jpg 200w, https:\/\/www.sick-stiftung.org\/ges\/wp-content\/uploads\/2023\/12\/20230531_153513-400x533.jpg 400w, https:\/\/www.sick-stiftung.org\/ges\/wp-content\/uploads\/2023\/12\/20230531_153513-600x800.jpg 600w, https:\/\/www.sick-stiftung.org\/ges\/wp-content\/uploads\/2023\/12\/20230531_153513-800x1067.jpg 800w, https:\/\/www.sick-stiftung.org\/ges\/wp-content\/uploads\/2023\/12\/20230531_153513-1200x1600.jpg 1200w, https:\/\/www.sick-stiftung.org\/ges\/wp-content\/uploads\/2023\/12\/20230531_153513-scaled.jpg 1920w\" sizes=\"(min-width: 2200px) 100vw, (min-width: 784px) 323px, (min-width: 712px) 485px, (min-width: 640px) 712px, \" \/>\n\t\n\n\t\t<div class=\"fusion-rollover\">\n\t<div class=\"fusion-rollover-content\">\n\n\t\t\t\t\t\t\t\t\t\t\t\t\t\t<a class=\"fusion-rollover-link\" href=\"https:\/\/www.sick-stiftung.org\/ges\/unsere%20projekte\/mit-den-haenden-erschaffen\/?portfolioCats=14\">Mit den H\u00e4nden erschaffen<\/a>\n\t\t\t\n\t\t\t\t\t\t\t\t\t\t\t\t\t\t\n\t\t\t\t\t\t\t\t\n\t\t\t\t\t\t\t\t\t\t\t\t\t<div class=\"fusion-rollover-sep\"><\/div>\n\t\t\t\t\n\t\t\t\t\t\t\t\t\t\t\t\t\t\t\t\t\t\t<a class=\"fusion-rollover-gallery\" href=\"https:\/\/www.sick-stiftung.org\/ges\/wp-content\/uploads\/2023\/12\/20230531_153513-scaled.jpg\" data-id=\"3717\" data-rel=\"iLightbox[gallery-rw-1]\" data-title=\"20230531_153513\" data-caption=\"\">\n\t\t\t\t\t\tGallerie\t\t\t\t\t<\/a>\n\t\t\t\t\t\t\t\t\t\t\t\t\t\t\n\t\t\t\t\n\t\t\t\t\t\t\t\t\t\t\t\t<h4 class=\"fusion-rollover-title\">\n\t\t\t\t\t<a class=\"fusion-rollover-title-link\" href=\"https:\/\/www.sick-stiftung.org\/ges\/unsere%20projekte\/mit-den-haenden-erschaffen\/?portfolioCats=14\">\n\t\t\t\t\t\tMit den H\u00e4nden erschaffen\t\t\t\t\t<\/a>\n\t\t\t\t<\/h4>\n\t\t\t\n\t\t\t\t\t\t\t\t\t\t\t\t\t\t<div class=\"fusion-rollover-categories\"><a href=\"https:\/\/www.sick-stiftung.org\/ges\/portfolio_category\/schule-bildung-beruf\/\" rel=\"tag\">Jugend, Bildung und Beruf<\/a><\/div>\t\t\t\t\t\n\t\t\n\t\t\t\t<a class=\"fusion-link-wrapper\" href=\"https:\/\/www.sick-stiftung.org\/ges\/unsere%20projekte\/mit-den-haenden-erschaffen\/?portfolioCats=14\" aria-label=\"Mit den H\u00e4nden erschaffen\"><\/a>\n\t<\/div>\n<\/div>\n\n\t\n<\/div>\n<\/div><\/article><article id=\"portfolio-1-post-2353\" class=\"fusion-portfolio-post alle schule-bildung-beruf mint fusion-col-spacing post-2353\"><div class=\"fusion-portfolio-content-wrapper\" style=\"border:none;\"><span class=\"entry-title rich-snippet-hidden\">&#8222;Freiburg-Seminar&#8220; &#8211; F\u00f6rderung junger MINT-Talente in der Region Freiburg<\/span><span class=\"vcard rich-snippet-hidden\"><span class=\"fn\"><a href=\"https:\/\/www.sick-stiftung.org\/ges\/author\/jh\/\" title=\"Beitr\u00e4ge von jh\" rel=\"author\">jh<\/a><\/span><\/span><span class=\"updated rich-snippet-hidden\">2023-12-12T16:08:11+01:00<\/span>\n\n<div  class=\"fusion-image-wrapper\" aria-haspopup=\"true\">\n\t\n\t\n\t\n\t\t\n\t\t\t\t\t<img width=\"1200\" height=\"675\" src=\"https:\/\/www.sick-stiftung.org\/ges\/wp-content\/uploads\/2017\/09\/freiburg-seminar_001-web.jpg\" class=\"attachment-full size-full wp-post-image\" alt=\"\" srcset=\"https:\/\/www.sick-stiftung.org\/ges\/wp-content\/uploads\/2017\/09\/freiburg-seminar_001-web-200x113.jpg 200w, https:\/\/www.sick-stiftung.org\/ges\/wp-content\/uploads\/2017\/09\/freiburg-seminar_001-web-400x225.jpg 400w, https:\/\/www.sick-stiftung.org\/ges\/wp-content\/uploads\/2017\/09\/freiburg-seminar_001-web-600x338.jpg 600w, https:\/\/www.sick-stiftung.org\/ges\/wp-content\/uploads\/2017\/09\/freiburg-seminar_001-web-800x450.jpg 800w, https:\/\/www.sick-stiftung.org\/ges\/wp-content\/uploads\/2017\/09\/freiburg-seminar_001-web.jpg 1200w\" sizes=\"(min-width: 2200px) 100vw, (min-width: 784px) 323px, (min-width: 712px) 485px, (min-width: 640px) 712px, \" \/>\n\t\n\n\t\t<div class=\"fusion-rollover\">\n\t<div class=\"fusion-rollover-content\">\n\n\t\t\t\t\t\t\t\t\t\t\t\t\t\t<a class=\"fusion-rollover-link\" href=\"https:\/\/www.sick-stiftung.org\/ges\/unsere%20projekte\/freiburger-seminar-foerderung-junger-mint-talente-in-der-region-freiburg\/?portfolioCats=14\">&#8222;Freiburg-Seminar&#8220; &#8211; F\u00f6rderung junger MINT-Talente in der Region Freiburg<\/a>\n\t\t\t\n\t\t\t\t\t\t\t\t\t\t\t\t\t\t\n\t\t\t\t\t\t\t\t\n\t\t\t\t\t\t\t\t\t\t\t\t\t<div class=\"fusion-rollover-sep\"><\/div>\n\t\t\t\t\n\t\t\t\t\t\t\t\t\t\t\t\t\t\t\t\t\t\t<a class=\"fusion-rollover-gallery\" href=\"https:\/\/www.sick-stiftung.org\/ges\/wp-content\/uploads\/2017\/09\/freiburg-seminar_001-web.jpg\" data-id=\"2353\" data-rel=\"iLightbox[gallery-rw-1]\" data-title=\"freiburg-seminar_001-web\" data-caption=\"\">\n\t\t\t\t\t\tGallerie\t\t\t\t\t<\/a>\n\t\t\t\t\t\t\t\t\t\t\t\t\t\t\n\t\t\t\t\n\t\t\t\t\t\t\t\t\t\t\t\t<h4 class=\"fusion-rollover-title\">\n\t\t\t\t\t<a class=\"fusion-rollover-title-link\" href=\"https:\/\/www.sick-stiftung.org\/ges\/unsere%20projekte\/freiburger-seminar-foerderung-junger-mint-talente-in-der-region-freiburg\/?portfolioCats=14\">\n\t\t\t\t\t\t&#8222;Freiburg-Seminar&#8220; &#8211; F\u00f6rderung junger MINT-Talente in der Region Freiburg\t\t\t\t\t<\/a>\n\t\t\t\t<\/h4>\n\t\t\t\n\t\t\t\t\t\t\t\t\t\t\t\t\t\t<div class=\"fusion-rollover-categories\"><a href=\"https:\/\/www.sick-stiftung.org\/ges\/portfolio_category\/alle\/\" rel=\"tag\">Alle<\/a>, <a href=\"https:\/\/www.sick-stiftung.org\/ges\/portfolio_category\/schule-bildung-beruf\/\" rel=\"tag\">Jugend, Bildung und Beruf<\/a>, <a href=\"https:\/\/www.sick-stiftung.org\/ges\/portfolio_category\/mint\/\" rel=\"tag\">MINT<\/a><\/div>\t\t\t\t\t\n\t\t\n\t\t\t\t<a class=\"fusion-link-wrapper\" href=\"https:\/\/www.sick-stiftung.org\/ges\/unsere%20projekte\/freiburger-seminar-foerderung-junger-mint-talente-in-der-region-freiburg\/?portfolioCats=14\" aria-label=\"&#8222;Freiburg-Seminar&#8220; &#8211; F\u00f6rderung junger MINT-Talente in der Region Freiburg\"><\/a>\n\t<\/div>\n<\/div>\n\n\t\n<\/div>\n<\/div><\/article><\/div><\/div><div class=\"fusion-clearfix\"><\/div><\/div><\/div><\/div><\/div><div id=\"mint\"><div class=\"fusion-fullwidth fullwidth-box fusion-builder-row-2 nonhundred-percent-fullwidth non-hundred-percent-height-scrolling\" style=\"background-color: #f9f9f9;background-position: center center;background-repeat: no-repeat;padding-top:0px;padding-right:5%;padding-bottom:0px;padding-left:5%;margin-bottom: 0px;margin-top: 0px;border-width: 0px 0px 0px 0px;border-color:#eae9e9;border-style:solid;\" ><div class=\"fusion-builder-row fusion-row\"><div class=\"fusion-layout-column fusion_builder_column fusion-builder-column-1 fusion_builder_column_1_1 1_1 fusion-one-full fusion-column-first fusion-column-last\" style=\"margin-top:0px;margin-bottom:20px;\"><div class=\"fusion-column-wrapper fusion-flex-column-wrapper-legacy\" style=\"background-position:left top;background-repeat:no-repeat;-webkit-background-size:cover;-moz-background-size:cover;-o-background-size:cover;background-size:cover;padding: 2% 0px 0px 0px;\"><style type=\"text\/css\"><\/style><div class=\"fusion-title title fusion-title-3 fusion-sep-none fusion-title-center fusion-title-text fusion-title-size-one\" style=\"margin-top:0px;margin-bottom:31px;\"><h1 class=\"title-heading-center\" style=\"margin:0;\"><h1 style=\"text-align: center; color: #514f4d;\">MINT<\/h1><\/h1><\/div><div class=\"fusion-sep-clear\"><\/div><div class=\"fusion-separator\" style=\"margin-left: auto;margin-right: auto;width:100%;max-width:70%;\"><div class=\"fusion-separator-border sep-single sep-solid\" style=\"border-color:#e0dede;border-top-width:1px;\"><\/div><\/div><div class=\"fusion-sep-clear\"><\/div><div class=\"fusion-sep-clear\"><\/div><div class=\"fusion-separator fusion-full-width-sep\" style=\"margin-left: auto;margin-right: auto;margin-top:2%;width:100%;\"><\/div><div class=\"fusion-sep-clear\"><\/div><div class=\"fusion-text fusion-text-2\" style=\"transform:translate3d(0,0,0);\"><p class=\"p1\">Der Wissensvorsprung in den Naturwissenschaften sowie in allen MINT-F\u00e4chern (Mathematik, Informatik, Naturwissenschaften und Technik) ist ein Garant zur Sicherung des Technologie- und Zukunftsstandortes Deutschland, zuk\u00fcnftiger Arbeitspl\u00e4tze und sozialer Absicherung. Mit ihrem Engagement will die Gisela und Erwin Sick Stiftung die naturwissenschaftliche Allgemeinbildung verbessern und auch das Interesse wecken. So unterst\u00fctzt sie Projekte, die Kinder und Jugendliche schon fr\u00fch an naturwissenschaftliche Themen heranf\u00fchren und ihnen erm\u00f6glichen, ihre Talente und Kompetenzen zu entwickeln. Auch belohnt die Stiftung besondere Leistungen Sch\u00fclerinnen und Sch\u00fclern, Auszubildenden und Studierenden und unterst\u00fctzt den jungen Forscher- und Erfindergeist.<\/p>\n<\/div><div class=\"fusion-sep-clear\"><\/div><div class=\"fusion-separator fusion-full-width-sep\" style=\"margin-left: auto;margin-right: auto;margin-top:2%;width:100%;\"><\/div><div class=\"fusion-sep-clear\"><\/div><style type=\"text\/css\"><\/style><div class=\"fusion-title title fusion-title-4 fusion-sep-none fusion-title-center fusion-title-text fusion-title-size-one\" style=\"margin-top:0px;margin-bottom:31px;\"><h1 class=\"title-heading-center\" style=\"margin:0;\"><h3 style=\"text-align: center; color: #44a5d8;\"><span style=\"color: #514f4d;\">Aktuelle Projekte:\u00a0<\/span><span style=\"color: #44a5d8;\"><a style=\"color: #44a5d8;\" href=\"https:\/\/www.sick-stiftung.org\/ges\/portfolio_category\/mint\/\">MINT<\/a><\/span><\/h3><\/h1><\/div><div class=\"fusion-sep-clear\"><\/div><div class=\"fusion-separator fusion-full-width-sep\" style=\"margin-left: auto;margin-right: auto;margin-top:2%;width:100%;\"><\/div><div class=\"fusion-sep-clear\"><\/div><div class=\"fusion-recent-works fusion-portfolio-element fusion-portfolio fusion-portfolio-2 fusion-portfolio-grid fusion-portfolio-paging-none fusion-portfolio-three fusion-portfolio-no_text fusion-portfolio-rollover\" data-id=\"-rw-2\" data-columns=\"three\"><style type=\"text\/css\">.fusion-portfolio-2 .fusion-portfolio-wrapper .fusion-col-spacing{padding:32.5px;}<\/style><div class=\"fusion-portfolio-wrapper\" id=\"fusion-portfolio-2\" data-picturesize=\"auto\" data-pages=\"3\" style=\"margin:-32.5px;\"><article id=\"portfolio-2-post-3707\" class=\"fusion-portfolio-post mint fusion-col-spacing post-3707\"><div class=\"fusion-portfolio-content-wrapper\" style=\"border:none;\"><span class=\"entry-title rich-snippet-hidden\">WRO Deutschlandfinale 2023 &#8211; Roboter in Aktion<\/span><span class=\"vcard rich-snippet-hidden\"><span class=\"fn\"><a href=\"https:\/\/www.sick-stiftung.org\/ges\/author\/eva-franke-maurus\/\" title=\"Beitr\u00e4ge von Eva Franke-Maurus\" rel=\"author\">Eva Franke-Maurus<\/a><\/span><\/span><span class=\"updated rich-snippet-hidden\">2023-12-12T16:06:51+01:00<\/span>\n\n<div  class=\"fusion-image-wrapper\" aria-haspopup=\"true\">\n\t\n\t\n\t\n\t\t\n\t\t\t\t\t<img width=\"1622\" height=\"1202\" src=\"https:\/\/www.sick-stiftung.org\/ges\/wp-content\/uploads\/2023\/06\/WRO_2023_Beitragsbild.jpg\" class=\"attachment-full size-full wp-post-image\" alt=\"\" srcset=\"https:\/\/www.sick-stiftung.org\/ges\/wp-content\/uploads\/2023\/06\/WRO_2023_Beitragsbild-200x148.jpg 200w, https:\/\/www.sick-stiftung.org\/ges\/wp-content\/uploads\/2023\/06\/WRO_2023_Beitragsbild-400x296.jpg 400w, https:\/\/www.sick-stiftung.org\/ges\/wp-content\/uploads\/2023\/06\/WRO_2023_Beitragsbild-600x445.jpg 600w, https:\/\/www.sick-stiftung.org\/ges\/wp-content\/uploads\/2023\/06\/WRO_2023_Beitragsbild-800x593.jpg 800w, https:\/\/www.sick-stiftung.org\/ges\/wp-content\/uploads\/2023\/06\/WRO_2023_Beitragsbild-1200x889.jpg 1200w, https:\/\/www.sick-stiftung.org\/ges\/wp-content\/uploads\/2023\/06\/WRO_2023_Beitragsbild.jpg 1622w\" sizes=\"(min-width: 2200px) 100vw, (min-width: 784px) 323px, (min-width: 712px) 485px, (min-width: 640px) 712px, \" \/>\n\t\n\n\t\t<div class=\"fusion-rollover\">\n\t<div class=\"fusion-rollover-content\">\n\n\t\t\t\t\t\t\t\t\t\t\t\t\t\t<a class=\"fusion-rollover-link\" href=\"https:\/\/www.sick-stiftung.org\/ges\/unsere%20projekte\/wro-deutschlandfinale-2023-roboter-in-aktion\/?portfolioCats=12\">WRO Deutschlandfinale 2023 &#8211; Roboter in Aktion<\/a>\n\t\t\t\n\t\t\t\t\t\t\t\t\t\t\t\t\t\t\n\t\t\t\t\t\t\t\t\n\t\t\t\t\t\t\t\t\t\t\t\t\t<div class=\"fusion-rollover-sep\"><\/div>\n\t\t\t\t\n\t\t\t\t\t\t\t\t\t\t\t\t\t\t\t\t\t\t<a class=\"fusion-rollover-gallery\" href=\"https:\/\/www.sick-stiftung.org\/ges\/wp-content\/uploads\/2023\/06\/WRO_2023_Beitragsbild.jpg\" data-id=\"3707\" data-rel=\"iLightbox[gallery-rw-2]\" data-title=\"WRO_2023_Beitragsbild\" data-caption=\"\">\n\t\t\t\t\t\tGallerie\t\t\t\t\t<\/a>\n\t\t\t\t\t\t\t\t\t\t\t\t\t\t\n\t\t\t\t\n\t\t\t\t\t\t\t\t\t\t\t\t<h4 class=\"fusion-rollover-title\">\n\t\t\t\t\t<a class=\"fusion-rollover-title-link\" href=\"https:\/\/www.sick-stiftung.org\/ges\/unsere%20projekte\/wro-deutschlandfinale-2023-roboter-in-aktion\/?portfolioCats=12\">\n\t\t\t\t\t\tWRO Deutschlandfinale 2023 &#8211; Roboter in Aktion\t\t\t\t\t<\/a>\n\t\t\t\t<\/h4>\n\t\t\t\n\t\t\t\t\t\t\t\t\t\t\t\t\t\t<div class=\"fusion-rollover-categories\"><a href=\"https:\/\/www.sick-stiftung.org\/ges\/portfolio_category\/mint\/\" rel=\"tag\">MINT<\/a><\/div>\t\t\t\t\t\n\t\t\n\t\t\t\t<a class=\"fusion-link-wrapper\" href=\"https:\/\/www.sick-stiftung.org\/ges\/unsere%20projekte\/wro-deutschlandfinale-2023-roboter-in-aktion\/?portfolioCats=12\" aria-label=\"WRO Deutschlandfinale 2023 &#8211; Roboter in Aktion\"><\/a>\n\t<\/div>\n<\/div>\n\n\t\n<\/div>\n<\/div><\/article><article id=\"portfolio-2-post-2919\" class=\"fusion-portfolio-post alle mint fusion-col-spacing post-2919\"><div class=\"fusion-portfolio-content-wrapper\" style=\"border:none;\"><span class=\"entry-title rich-snippet-hidden\">Sch\u00fclerforschungszentrum Region Freiburg  \u2212  Ein Ort des T\u00fcftelns, Erkundens und Forschens<\/span><span class=\"vcard rich-snippet-hidden\"><span class=\"fn\"><a href=\"https:\/\/www.sick-stiftung.org\/ges\/author\/jh\/\" title=\"Beitr\u00e4ge von jh\" rel=\"author\">jh<\/a><\/span><\/span><span class=\"updated rich-snippet-hidden\">2019-05-02T11:35:05+02:00<\/span>\n\n<div  class=\"fusion-image-wrapper\" aria-haspopup=\"true\">\n\t\n\t\n\t\n\t\t\n\t\t\t\t\t<img width=\"1200\" height=\"675\" src=\"https:\/\/www.sick-stiftung.org\/ges\/wp-content\/uploads\/2017\/08\/ges-sick-einweihung-sfz_prev.jpg\" class=\"attachment-full size-full wp-post-image\" alt=\"ges-sick-einweihung-sfz_prev\" srcset=\"https:\/\/www.sick-stiftung.org\/ges\/wp-content\/uploads\/2017\/08\/ges-sick-einweihung-sfz_prev-200x113.jpg 200w, https:\/\/www.sick-stiftung.org\/ges\/wp-content\/uploads\/2017\/08\/ges-sick-einweihung-sfz_prev-400x225.jpg 400w, https:\/\/www.sick-stiftung.org\/ges\/wp-content\/uploads\/2017\/08\/ges-sick-einweihung-sfz_prev-600x338.jpg 600w, https:\/\/www.sick-stiftung.org\/ges\/wp-content\/uploads\/2017\/08\/ges-sick-einweihung-sfz_prev-800x450.jpg 800w, https:\/\/www.sick-stiftung.org\/ges\/wp-content\/uploads\/2017\/08\/ges-sick-einweihung-sfz_prev.jpg 1200w\" sizes=\"(min-width: 2200px) 100vw, (min-width: 784px) 323px, (min-width: 712px) 485px, (min-width: 640px) 712px, \" \/>\n\t\n\n\t\t<div class=\"fusion-rollover\">\n\t<div class=\"fusion-rollover-content\">\n\n\t\t\t\t\t\t\t\t\t\t\t\t\t\t<a class=\"fusion-rollover-link\" href=\"https:\/\/www.sick-stiftung.org\/ges\/unsere%20projekte\/schuelerforschungszentrum-region-freiburg-%e2%88%92-ein-ort-des-tueftelns-erkundens-und-forschens\/?portfolioCats=12\">Sch\u00fclerforschungszentrum Region Freiburg  \u2212  Ein Ort des T\u00fcftelns, Erkundens und Forschens<\/a>\n\t\t\t\n\t\t\t\t\t\t\t\t\t\t\t\t\t\t\n\t\t\t\t\t\t\t\t\n\t\t\t\t\t\t\t\t\t\t\t\t\t<div class=\"fusion-rollover-sep\"><\/div>\n\t\t\t\t\n\t\t\t\t\t\t\t\t\t\t\t\t\t\t\t\t\t\t<a class=\"fusion-rollover-gallery\" href=\"https:\/\/www.sick-stiftung.org\/ges\/wp-content\/uploads\/2017\/08\/ges-sick-einweihung-sfz_prev.jpg\" data-id=\"2919\" data-rel=\"iLightbox[gallery-rw-2]\" data-title=\"ges-sick-einweihung-sfz_prev\" data-caption=\"\">\n\t\t\t\t\t\tGallerie\t\t\t\t\t<\/a>\n\t\t\t\t\t\t\t\t\t\t\t\t\t\t\n\t\t\t\t\n\t\t\t\t\t\t\t\t\t\t\t\t<h4 class=\"fusion-rollover-title\">\n\t\t\t\t\t<a class=\"fusion-rollover-title-link\" href=\"https:\/\/www.sick-stiftung.org\/ges\/unsere%20projekte\/schuelerforschungszentrum-region-freiburg-%e2%88%92-ein-ort-des-tueftelns-erkundens-und-forschens\/?portfolioCats=12\">\n\t\t\t\t\t\tSch\u00fclerforschungszentrum Region Freiburg  \u2212  Ein Ort des T\u00fcftelns, Erkundens und Forschens\t\t\t\t\t<\/a>\n\t\t\t\t<\/h4>\n\t\t\t\n\t\t\t\t\t\t\t\t\t\t\t\t\t\t<div class=\"fusion-rollover-categories\"><a href=\"https:\/\/www.sick-stiftung.org\/ges\/portfolio_category\/alle\/\" rel=\"tag\">Alle<\/a>, <a href=\"https:\/\/www.sick-stiftung.org\/ges\/portfolio_category\/mint\/\" rel=\"tag\">MINT<\/a><\/div>\t\t\t\t\t\n\t\t\n\t\t\t\t<a class=\"fusion-link-wrapper\" href=\"https:\/\/www.sick-stiftung.org\/ges\/unsere%20projekte\/schuelerforschungszentrum-region-freiburg-%e2%88%92-ein-ort-des-tueftelns-erkundens-und-forschens\/?portfolioCats=12\" aria-label=\"Sch\u00fclerforschungszentrum Region Freiburg  \u2212  Ein Ort des T\u00fcftelns, Erkundens und Forschens\"><\/a>\n\t<\/div>\n<\/div>\n\n\t\n<\/div>\n<\/div><\/article><article id=\"portfolio-2-post-2353\" class=\"fusion-portfolio-post alle schule-bildung-beruf mint fusion-col-spacing post-2353\"><div class=\"fusion-portfolio-content-wrapper\" style=\"border:none;\"><span class=\"entry-title rich-snippet-hidden\">&#8222;Freiburg-Seminar&#8220; &#8211; F\u00f6rderung junger MINT-Talente in der Region Freiburg<\/span><span class=\"vcard rich-snippet-hidden\"><span class=\"fn\"><a href=\"https:\/\/www.sick-stiftung.org\/ges\/author\/jh\/\" title=\"Beitr\u00e4ge von jh\" rel=\"author\">jh<\/a><\/span><\/span><span class=\"updated rich-snippet-hidden\">2023-12-12T16:08:11+01:00<\/span>\n\n<div  class=\"fusion-image-wrapper\" aria-haspopup=\"true\">\n\t\n\t\n\t\n\t\t\n\t\t\t\t\t<img width=\"1200\" height=\"675\" src=\"https:\/\/www.sick-stiftung.org\/ges\/wp-content\/uploads\/2017\/09\/freiburg-seminar_001-web.jpg\" class=\"attachment-full size-full wp-post-image\" alt=\"\" srcset=\"https:\/\/www.sick-stiftung.org\/ges\/wp-content\/uploads\/2017\/09\/freiburg-seminar_001-web-200x113.jpg 200w, https:\/\/www.sick-stiftung.org\/ges\/wp-content\/uploads\/2017\/09\/freiburg-seminar_001-web-400x225.jpg 400w, https:\/\/www.sick-stiftung.org\/ges\/wp-content\/uploads\/2017\/09\/freiburg-seminar_001-web-600x338.jpg 600w, https:\/\/www.sick-stiftung.org\/ges\/wp-content\/uploads\/2017\/09\/freiburg-seminar_001-web-800x450.jpg 800w, https:\/\/www.sick-stiftung.org\/ges\/wp-content\/uploads\/2017\/09\/freiburg-seminar_001-web.jpg 1200w\" sizes=\"(min-width: 2200px) 100vw, (min-width: 784px) 323px, (min-width: 712px) 485px, (min-width: 640px) 712px, \" \/>\n\t\n\n\t\t<div class=\"fusion-rollover\">\n\t<div class=\"fusion-rollover-content\">\n\n\t\t\t\t\t\t\t\t\t\t\t\t\t\t<a class=\"fusion-rollover-link\" href=\"https:\/\/www.sick-stiftung.org\/ges\/unsere%20projekte\/freiburger-seminar-foerderung-junger-mint-talente-in-der-region-freiburg\/?portfolioCats=12\">&#8222;Freiburg-Seminar&#8220; &#8211; F\u00f6rderung junger MINT-Talente in der Region Freiburg<\/a>\n\t\t\t\n\t\t\t\t\t\t\t\t\t\t\t\t\t\t\n\t\t\t\t\t\t\t\t\n\t\t\t\t\t\t\t\t\t\t\t\t\t<div class=\"fusion-rollover-sep\"><\/div>\n\t\t\t\t\n\t\t\t\t\t\t\t\t\t\t\t\t\t\t\t\t\t\t<a class=\"fusion-rollover-gallery\" href=\"https:\/\/www.sick-stiftung.org\/ges\/wp-content\/uploads\/2017\/09\/freiburg-seminar_001-web.jpg\" data-id=\"2353\" data-rel=\"iLightbox[gallery-rw-2]\" data-title=\"freiburg-seminar_001-web\" data-caption=\"\">\n\t\t\t\t\t\tGallerie\t\t\t\t\t<\/a>\n\t\t\t\t\t\t\t\t\t\t\t\t\t\t\n\t\t\t\t\n\t\t\t\t\t\t\t\t\t\t\t\t<h4 class=\"fusion-rollover-title\">\n\t\t\t\t\t<a class=\"fusion-rollover-title-link\" href=\"https:\/\/www.sick-stiftung.org\/ges\/unsere%20projekte\/freiburger-seminar-foerderung-junger-mint-talente-in-der-region-freiburg\/?portfolioCats=12\">\n\t\t\t\t\t\t&#8222;Freiburg-Seminar&#8220; &#8211; F\u00f6rderung junger MINT-Talente in der Region Freiburg\t\t\t\t\t<\/a>\n\t\t\t\t<\/h4>\n\t\t\t\n\t\t\t\t\t\t\t\t\t\t\t\t\t\t<div class=\"fusion-rollover-categories\"><a href=\"https:\/\/www.sick-stiftung.org\/ges\/portfolio_category\/alle\/\" rel=\"tag\">Alle<\/a>, <a href=\"https:\/\/www.sick-stiftung.org\/ges\/portfolio_category\/schule-bildung-beruf\/\" rel=\"tag\">Jugend, Bildung und Beruf<\/a>, <a href=\"https:\/\/www.sick-stiftung.org\/ges\/portfolio_category\/mint\/\" rel=\"tag\">MINT<\/a><\/div>\t\t\t\t\t\n\t\t\n\t\t\t\t<a class=\"fusion-link-wrapper\" href=\"https:\/\/www.sick-stiftung.org\/ges\/unsere%20projekte\/freiburger-seminar-foerderung-junger-mint-talente-in-der-region-freiburg\/?portfolioCats=12\" aria-label=\"&#8222;Freiburg-Seminar&#8220; &#8211; F\u00f6rderung junger MINT-Talente in der Region Freiburg\"><\/a>\n\t<\/div>\n<\/div>\n\n\t\n<\/div>\n<\/div><\/article><\/div><\/div><div class=\"fusion-clearfix\"><\/div><\/div><\/div><\/div><\/div><\/div><div id=\"wiss\"><div class=\"fusion-fullwidth fullwidth-box fusion-builder-row-3 nonhundred-percent-fullwidth non-hundred-percent-height-scrolling\" style=\"background-color: rgba(255,255,255,0);background-position: center center;background-repeat: no-repeat;padding-top:0px;padding-right:5%;padding-bottom:0px;padding-left:5%;margin-bottom: 0px;margin-top: 2%;border-width: 0px 0px 0px 0px;border-color:#eae9e9;border-style:solid;\" ><div class=\"fusion-builder-row fusion-row\"><div class=\"fusion-layout-column fusion_builder_column fusion-builder-column-2 fusion_builder_column_1_1 1_1 fusion-one-full fusion-column-first fusion-column-last\" style=\"margin-top:0px;margin-bottom:20px;\"><div class=\"fusion-column-wrapper fusion-flex-column-wrapper-legacy\" style=\"background-position:left top;background-repeat:no-repeat;-webkit-background-size:cover;-moz-background-size:cover;-o-background-size:cover;background-size:cover;padding: 0px 0px 0px 0px;\"><style type=\"text\/css\"><\/style><div class=\"fusion-title title fusion-title-5 fusion-sep-none fusion-title-center fusion-title-text fusion-title-size-one\" style=\"margin-top:0px;margin-bottom:31px;\"><h1 class=\"title-heading-center\" style=\"margin:0;\"><h1 style=\"text-align: center; color: #514f4d;\">Wissenschaft und Forschung<\/h1><\/h1><\/div><div class=\"fusion-sep-clear\"><\/div><div class=\"fusion-separator\" style=\"margin-left: auto;margin-right: auto;width:100%;max-width:70%;\"><div class=\"fusion-separator-border sep-single sep-solid\" style=\"border-color:#e0dede;border-top-width:1px;\"><\/div><\/div><div class=\"fusion-sep-clear\"><\/div><div class=\"fusion-sep-clear\"><\/div><div class=\"fusion-separator fusion-full-width-sep\" style=\"margin-left: auto;margin-right: auto;margin-top:2%;width:100%;\"><\/div><div class=\"fusion-sep-clear\"><\/div><div class=\"fusion-text fusion-text-3\" style=\"transform:translate3d(0,0,0);\"><p class=\"p1\">Die Gisela und Erwin Sick Stiftung unterst\u00fctzt Wissenschaft und Forschung und dar\u00fcber hinaus auch bundesweite Projekte mit besonderer Strahl- und Innovationskraft insbesondere in den Bereichen Zukunftstechnologien und Industrie 4.0. So soll die Attraktivit\u00e4t von Ausbildung und Studium im technologisch-naturwissenschaftlichen Umfeld gesteigert, richtungsweisende Bildungsimpulse gesetzt und der Technologie- und Zukunftsstandort gesichert werden.<\/p>\n<\/div><div class=\"fusion-sep-clear\"><\/div><div class=\"fusion-separator fusion-full-width-sep\" style=\"margin-left: auto;margin-right: auto;margin-top:2%;width:100%;\"><\/div><div class=\"fusion-sep-clear\"><\/div><style type=\"text\/css\"><\/style><div class=\"fusion-title title fusion-title-6 fusion-sep-none fusion-title-center fusion-title-text fusion-title-size-one\" style=\"margin-top:0px;margin-bottom:31px;\"><h1 class=\"title-heading-center\" style=\"margin:0;\"><h3 style=\"text-align: center; color: #44a5d8;\"><span style=\"color: #514f4d;\">Aktuelle Projekte:<\/span>\u00a0<span style=\"color: #44a5d8;\"><a style=\"color: #44a5d8;\" href=\"https:\/\/www.sick-stiftung.org\/ges\/portfolio_category\/wissenschaft-und-forschung\/\">Wissenschaft und\u00a0Forschung<\/a><\/span><\/h3><\/h1><\/div><div class=\"fusion-sep-clear\"><\/div><div class=\"fusion-separator fusion-full-width-sep\" style=\"margin-left: auto;margin-right: auto;margin-top:2%;width:100%;\"><\/div><div class=\"fusion-sep-clear\"><\/div><div class=\"fusion-recent-works fusion-portfolio-element fusion-portfolio fusion-portfolio-3 fusion-portfolio-grid fusion-portfolio-paging-none fusion-portfolio-three fusion-portfolio-no_text fusion-portfolio-rollover\" data-id=\"-rw-3\" data-columns=\"three\"><style type=\"text\/css\">.fusion-portfolio-3 .fusion-portfolio-wrapper .fusion-col-spacing{padding:20px;}<\/style><div class=\"fusion-portfolio-wrapper\" id=\"fusion-portfolio-3\" data-picturesize=\"auto\" data-pages=\"2\" style=\"margin:-20px;\"><article id=\"portfolio-3-post-3988\" class=\"fusion-portfolio-post wissenschaft-und-forschung fusion-col-spacing post-3988\"><div class=\"fusion-portfolio-content-wrapper\" style=\"border:none;\"><span class=\"entry-title rich-snippet-hidden\">Vergabe der Deutschlandstipendien an der HTWG Konstanz<\/span><span class=\"vcard rich-snippet-hidden\"><span class=\"fn\"><a href=\"https:\/\/www.sick-stiftung.org\/ges\/author\/eva-franke-maurus\/\" title=\"Beitr\u00e4ge von Eva Franke-Maurus\" rel=\"author\">Eva Franke-Maurus<\/a><\/span><\/span><span class=\"updated rich-snippet-hidden\">2025-05-28T11:23:33+02:00<\/span>\n\n<div  class=\"fusion-image-wrapper\" aria-haspopup=\"true\">\n\t\n\t\n\t\n\t\t\n\t\t\t\t\t<img width=\"2560\" height=\"1703\" src=\"https:\/\/www.sick-stiftung.org\/ges\/wp-content\/uploads\/2025\/05\/DSC3550-scaled.jpg\" class=\"attachment-full size-full wp-post-image\" alt=\"\" srcset=\"https:\/\/www.sick-stiftung.org\/ges\/wp-content\/uploads\/2025\/05\/DSC3550-200x133.jpg 200w, https:\/\/www.sick-stiftung.org\/ges\/wp-content\/uploads\/2025\/05\/DSC3550-400x266.jpg 400w, https:\/\/www.sick-stiftung.org\/ges\/wp-content\/uploads\/2025\/05\/DSC3550-600x399.jpg 600w, https:\/\/www.sick-stiftung.org\/ges\/wp-content\/uploads\/2025\/05\/DSC3550-800x532.jpg 800w, https:\/\/www.sick-stiftung.org\/ges\/wp-content\/uploads\/2025\/05\/DSC3550-1200x798.jpg 1200w, https:\/\/www.sick-stiftung.org\/ges\/wp-content\/uploads\/2025\/05\/DSC3550-scaled.jpg 2560w\" sizes=\"(min-width: 2200px) 100vw, (min-width: 784px) 340px, (min-width: 712px) 510px, (min-width: 640px) 712px, \" \/>\n\t\n\n\t\t<div class=\"fusion-rollover\">\n\t<div class=\"fusion-rollover-content\">\n\n\t\t\t\t\t\t\t\t\t\t\t\t\t\t<a class=\"fusion-rollover-link\" href=\"https:\/\/www.sick-stiftung.org\/ges\/unsere%20projekte\/vergabe-der-deutschlandstipendien-an-der-htwg-konstanz\/?portfolioCats=32\">Vergabe der Deutschlandstipendien an der HTWG Konstanz<\/a>\n\t\t\t\n\t\t\t\t\t\t\t\t\t\t\t\t\t\t\n\t\t\t\t\t\t\t\t\n\t\t\t\t\t\t\t\t\t\t\t\t\t<div class=\"fusion-rollover-sep\"><\/div>\n\t\t\t\t\n\t\t\t\t\t\t\t\t\t\t\t\t\t\t\t\t\t\t<a class=\"fusion-rollover-gallery\" href=\"https:\/\/www.sick-stiftung.org\/ges\/wp-content\/uploads\/2025\/05\/DSC3550-scaled.jpg\" data-id=\"3988\" data-rel=\"iLightbox[gallery-rw-3]\" data-title=\"_DSC3550\" data-caption=\"\">\n\t\t\t\t\t\tGallerie\t\t\t\t\t<\/a>\n\t\t\t\t\t\t\t\t\t\t\t\t\t\t\n\t\t\t\t\n\t\t\t\t\t\t\t\t\t\t\t\t<h4 class=\"fusion-rollover-title\">\n\t\t\t\t\t<a class=\"fusion-rollover-title-link\" href=\"https:\/\/www.sick-stiftung.org\/ges\/unsere%20projekte\/vergabe-der-deutschlandstipendien-an-der-htwg-konstanz\/?portfolioCats=32\">\n\t\t\t\t\t\tVergabe der Deutschlandstipendien an der HTWG Konstanz\t\t\t\t\t<\/a>\n\t\t\t\t<\/h4>\n\t\t\t\n\t\t\t\t\t\t\t\t\t\t\t\t\t\t<div class=\"fusion-rollover-categories\"><a href=\"https:\/\/www.sick-stiftung.org\/ges\/portfolio_category\/wissenschaft-und-forschung\/\" rel=\"tag\">Wissenschaft und Forschung<\/a><\/div>\t\t\t\t\t\n\t\t\n\t\t\t\t<a class=\"fusion-link-wrapper\" href=\"https:\/\/www.sick-stiftung.org\/ges\/unsere%20projekte\/vergabe-der-deutschlandstipendien-an-der-htwg-konstanz\/?portfolioCats=32\" aria-label=\"Vergabe der Deutschlandstipendien an der HTWG Konstanz\"><\/a>\n\t<\/div>\n<\/div>\n\n\t\n<\/div>\n<\/div><\/article><article id=\"portfolio-3-post-3972\" class=\"fusion-portfolio-post preisverleih wissenschaft-und-forschung fusion-col-spacing post-3972\"><div class=\"fusion-portfolio-content-wrapper\" style=\"border:none;\"><span class=\"entry-title rich-snippet-hidden\">F\u00f6rderpreisverleihung 2025 TU Dresden<\/span><span class=\"vcard rich-snippet-hidden\"><span class=\"fn\"><a href=\"https:\/\/www.sick-stiftung.org\/ges\/author\/eva-franke-maurus\/\" title=\"Beitr\u00e4ge von Eva Franke-Maurus\" rel=\"author\">Eva Franke-Maurus<\/a><\/span><\/span><span class=\"updated rich-snippet-hidden\">2025-05-28T10:55:15+02:00<\/span>\n\n<div  class=\"fusion-image-wrapper\" aria-haspopup=\"true\">\n\t\n\t\n\t\n\t\t\n\t\t\t\t\t<img width=\"2560\" height=\"1487\" src=\"https:\/\/www.sick-stiftung.org\/ges\/wp-content\/uploads\/2025\/05\/Finale-Sick-2025-copyright-Oliver-Killig-scaled.jpg\" class=\"attachment-full size-full wp-post-image\" alt=\"\" srcset=\"https:\/\/www.sick-stiftung.org\/ges\/wp-content\/uploads\/2025\/05\/Finale-Sick-2025-copyright-Oliver-Killig-200x116.jpg 200w, https:\/\/www.sick-stiftung.org\/ges\/wp-content\/uploads\/2025\/05\/Finale-Sick-2025-copyright-Oliver-Killig-400x232.jpg 400w, https:\/\/www.sick-stiftung.org\/ges\/wp-content\/uploads\/2025\/05\/Finale-Sick-2025-copyright-Oliver-Killig-600x348.jpg 600w, https:\/\/www.sick-stiftung.org\/ges\/wp-content\/uploads\/2025\/05\/Finale-Sick-2025-copyright-Oliver-Killig-800x465.jpg 800w, https:\/\/www.sick-stiftung.org\/ges\/wp-content\/uploads\/2025\/05\/Finale-Sick-2025-copyright-Oliver-Killig-1200x697.jpg 1200w, https:\/\/www.sick-stiftung.org\/ges\/wp-content\/uploads\/2025\/05\/Finale-Sick-2025-copyright-Oliver-Killig-scaled.jpg 2560w\" sizes=\"(min-width: 2200px) 100vw, (min-width: 784px) 340px, (min-width: 712px) 510px, (min-width: 640px) 712px, \" \/>\n\t\n\n\t\t<div class=\"fusion-rollover\">\n\t<div class=\"fusion-rollover-content\">\n\n\t\t\t\t\t\t\t\t\t\t\t\t\t\t<a class=\"fusion-rollover-link\" href=\"https:\/\/www.sick-stiftung.org\/ges\/unsere%20projekte\/foerderpreisverleihung-2025-tu-dresden\/?portfolioCats=32\">F\u00f6rderpreisverleihung 2025 TU Dresden<\/a>\n\t\t\t\n\t\t\t\t\t\t\t\t\t\t\t\t\t\t\n\t\t\t\t\t\t\t\t\n\t\t\t\t\t\t\t\t\t\t\t\t\t<div class=\"fusion-rollover-sep\"><\/div>\n\t\t\t\t\n\t\t\t\t\t\t\t\t\t\t\t\t\t\t\t\t\t\t<a class=\"fusion-rollover-gallery\" href=\"https:\/\/www.sick-stiftung.org\/ges\/wp-content\/uploads\/2025\/05\/Finale-Sick-2025-copyright-Oliver-Killig-scaled.jpg\" data-id=\"3972\" data-rel=\"iLightbox[gallery-rw-3]\" data-title=\"Preis der Sick - Stiftung\" data-caption=\"Preisverleihung der Sick Stiftung am 16.05.2025 in Technische Universitaet Dresden ( TUD ) . Foto: Oliver Killig\">\n\t\t\t\t\t\tGallerie\t\t\t\t\t<\/a>\n\t\t\t\t\t\t\t\t\t\t\t\t\t\t\n\t\t\t\t\n\t\t\t\t\t\t\t\t\t\t\t\t<h4 class=\"fusion-rollover-title\">\n\t\t\t\t\t<a class=\"fusion-rollover-title-link\" href=\"https:\/\/www.sick-stiftung.org\/ges\/unsere%20projekte\/foerderpreisverleihung-2025-tu-dresden\/?portfolioCats=32\">\n\t\t\t\t\t\tF\u00f6rderpreisverleihung 2025 TU Dresden\t\t\t\t\t<\/a>\n\t\t\t\t<\/h4>\n\t\t\t\n\t\t\t\t\t\t\t\t\t\t\t\t\t\t<div class=\"fusion-rollover-categories\"><a href=\"https:\/\/www.sick-stiftung.org\/ges\/portfolio_category\/preisverleih\/\" rel=\"tag\">Preisverleih<\/a>, <a href=\"https:\/\/www.sick-stiftung.org\/ges\/portfolio_category\/wissenschaft-und-forschung\/\" rel=\"tag\">Wissenschaft und Forschung<\/a><\/div>\t\t\t\t\t\n\t\t\n\t\t\t\t<a class=\"fusion-link-wrapper\" href=\"https:\/\/www.sick-stiftung.org\/ges\/unsere%20projekte\/foerderpreisverleihung-2025-tu-dresden\/?portfolioCats=32\" aria-label=\"F\u00f6rderpreisverleihung 2025 TU Dresden\"><\/a>\n\t<\/div>\n<\/div>\n\n\t\n<\/div>\n<\/div><\/article><article id=\"portfolio-3-post-3982\" class=\"fusion-portfolio-post schule-bildung-beruf wissenschaft-und-forschung fusion-col-spacing post-3982\"><div class=\"fusion-portfolio-content-wrapper\" style=\"border:none;\"><span class=\"entry-title rich-snippet-hidden\">F\u00f6rderpreisverleihung HS Offenburg<\/span><span class=\"vcard rich-snippet-hidden\"><span class=\"fn\"><a href=\"https:\/\/www.sick-stiftung.org\/ges\/author\/eva-franke-maurus\/\" title=\"Beitr\u00e4ge von Eva Franke-Maurus\" rel=\"author\">Eva Franke-Maurus<\/a><\/span><\/span><span class=\"updated rich-snippet-hidden\">2025-05-28T11:24:39+02:00<\/span>\n\n<div  class=\"fusion-image-wrapper\" aria-haspopup=\"true\">\n\t\n\t\n\t\n\t\t\n\t\t\t\t\t<img width=\"2560\" height=\"1836\" src=\"https:\/\/www.sick-stiftung.org\/ges\/wp-content\/uploads\/2025\/05\/DSC04368-scaled-e1748422809532.jpg\" class=\"attachment-full size-full wp-post-image\" alt=\"\" srcset=\"https:\/\/www.sick-stiftung.org\/ges\/wp-content\/uploads\/2025\/05\/DSC04368-scaled-e1748422809532-200x143.jpg 200w, https:\/\/www.sick-stiftung.org\/ges\/wp-content\/uploads\/2025\/05\/DSC04368-scaled-e1748422809532-400x287.jpg 400w, https:\/\/www.sick-stiftung.org\/ges\/wp-content\/uploads\/2025\/05\/DSC04368-scaled-e1748422809532-600x430.jpg 600w, https:\/\/www.sick-stiftung.org\/ges\/wp-content\/uploads\/2025\/05\/DSC04368-scaled-e1748422809532-800x574.jpg 800w, https:\/\/www.sick-stiftung.org\/ges\/wp-content\/uploads\/2025\/05\/DSC04368-scaled-e1748422809532-1200x861.jpg 1200w, https:\/\/www.sick-stiftung.org\/ges\/wp-content\/uploads\/2025\/05\/DSC04368-scaled-e1748422809532.jpg 2560w\" sizes=\"(min-width: 2200px) 100vw, (min-width: 784px) 340px, (min-width: 712px) 510px, (min-width: 640px) 712px, \" \/>\n\t\n\n\t\t<div class=\"fusion-rollover\">\n\t<div class=\"fusion-rollover-content\">\n\n\t\t\t\t\t\t\t\t\t\t\t\t\t\t<a class=\"fusion-rollover-link\" href=\"https:\/\/www.sick-stiftung.org\/ges\/unsere%20projekte\/foerderpreisverleihung-hs-offenburg\/?portfolioCats=32\">F\u00f6rderpreisverleihung HS Offenburg<\/a>\n\t\t\t\n\t\t\t\t\t\t\t\t\t\t\t\t\t\t\n\t\t\t\t\t\t\t\t\n\t\t\t\t\t\t\t\t\t\t\t\t\t<div class=\"fusion-rollover-sep\"><\/div>\n\t\t\t\t\n\t\t\t\t\t\t\t\t\t\t\t\t\t\t\t\t\t\t<a class=\"fusion-rollover-gallery\" href=\"https:\/\/www.sick-stiftung.org\/ges\/wp-content\/uploads\/2025\/05\/DSC04368-scaled-e1748422809532.jpg\" data-id=\"3982\" data-rel=\"iLightbox[gallery-rw-3]\" data-title=\"DSC04368\" data-caption=\"\">\n\t\t\t\t\t\tGallerie\t\t\t\t\t<\/a>\n\t\t\t\t\t\t\t\t\t\t\t\t\t\t\n\t\t\t\t\n\t\t\t\t\t\t\t\t\t\t\t\t<h4 class=\"fusion-rollover-title\">\n\t\t\t\t\t<a class=\"fusion-rollover-title-link\" href=\"https:\/\/www.sick-stiftung.org\/ges\/unsere%20projekte\/foerderpreisverleihung-hs-offenburg\/?portfolioCats=32\">\n\t\t\t\t\t\tF\u00f6rderpreisverleihung HS Offenburg\t\t\t\t\t<\/a>\n\t\t\t\t<\/h4>\n\t\t\t\n\t\t\t\t\t\t\t\t\t\t\t\t\t\t<div class=\"fusion-rollover-categories\"><a href=\"https:\/\/www.sick-stiftung.org\/ges\/portfolio_category\/schule-bildung-beruf\/\" rel=\"tag\">Jugend, Bildung und Beruf<\/a>, <a href=\"https:\/\/www.sick-stiftung.org\/ges\/portfolio_category\/wissenschaft-und-forschung\/\" rel=\"tag\">Wissenschaft und Forschung<\/a><\/div>\t\t\t\t\t\n\t\t\n\t\t\t\t<a class=\"fusion-link-wrapper\" href=\"https:\/\/www.sick-stiftung.org\/ges\/unsere%20projekte\/foerderpreisverleihung-hs-offenburg\/?portfolioCats=32\" aria-label=\"F\u00f6rderpreisverleihung HS Offenburg\"><\/a>\n\t<\/div>\n<\/div>\n\n\t\n<\/div>\n<\/div><\/article><\/div><\/div><div class=\"fusion-clearfix\"><\/div><\/div><\/div><\/div><\/div><\/div><\/p>\n","protected":false},"excerpt":{"rendered":"","protected":false},"author":1,"featured_media":0,"parent":0,"menu_order":0,"comment_status":"closed","ping_status":"closed","template":"100-width.php","meta":[],"_links":{"self":[{"href":"https:\/\/www.sick-stiftung.org\/ges\/wp-json\/wp\/v2\/pages\/1001"}],"collection":[{"href":"https:\/\/www.sick-stiftung.org\/ges\/wp-json\/wp\/v2\/pages"}],"about":[{"href":"https:\/\/www.sick-stiftung.org\/ges\/wp-json\/wp\/v2\/types\/page"}],"author":[{"embeddable":true,"href":"https:\/\/www.sick-stiftung.org\/ges\/wp-json\/wp\/v2\/users\/1"}],"replies":[{"embeddable":true,"href":"https:\/\/www.sick-stiftung.org\/ges\/wp-json\/wp\/v2\/comments?post=1001"}],"version-history":[{"count":0,"href":"https:\/\/www.sick-stiftung.org\/ges\/wp-json\/wp\/v2\/pages\/1001\/revisions"}],"wp:attachment":[{"href":"https:\/\/www.sick-stiftung.org\/ges\/wp-json\/wp\/v2\/media?parent=1001"}],"curies":[{"name":"wp","href":"https:\/\/api.w.org\/{rel}","templated":true}]}}