{"id":178,"date":"2017-04-12T11:58:55","date_gmt":"2017-04-12T09:58:55","guid":{"rendered":"http:\/\/localhost:8888\/sick\/?page_id=178"},"modified":"2017-09-18T15:47:37","modified_gmt":"2017-09-18T13:47:37","slug":"projekte","status":"publish","type":"page","link":"https:\/\/www.sick-stiftung.org\/ges\/projekte\/","title":{"rendered":"Projekte"},"content":{"rendered":"<div class=\"fusion-fullwidth fullwidth-box fusion-builder-row-1 nonhundred-percent-fullwidth non-hundred-percent-height-scrolling\" style=\"background-color: rgba(255,255,255,0);background-position: center center;background-repeat: no-repeat;padding-top:0px;padding-right:0px;padding-bottom:0px;padding-left:0px;margin-bottom: 0px;margin-top: 0px;border-width: 0px 0px 0px 0px;border-color:#eae9e9;border-style:solid;\" ><div class=\"fusion-builder-row fusion-row\"><div class=\"fusion-layout-column fusion_builder_column fusion-builder-column-0 fusion_builder_column_1_1 1_1 fusion-one-full fusion-column-first fusion-column-last\" style=\"margin-top:0px;margin-bottom:20px;\"><div class=\"fusion-column-wrapper fusion-flex-column-wrapper-legacy\" style=\"background-position:left top;background-repeat:no-repeat;-webkit-background-size:cover;-moz-background-size:cover;-o-background-size:cover;background-size:cover;padding: 0px 0px 0px 0px;\"><div class=\"fusion-sep-clear\"><\/div><div class=\"fusion-separator fusion-full-width-sep\" style=\"margin-left: auto;margin-right: auto;margin-top:3%;width:100%;\"><\/div><div class=\"fusion-sep-clear\"><\/div><style type=\"text\/css\"><\/style><div class=\"fusion-title title fusion-title-1 fusion-sep-none fusion-title-center fusion-title-text fusion-title-size-one\" style=\"margin-top:0px;margin-bottom:20px;\"><h1 class=\"title-heading-center\" style=\"margin:0;\"><h1 style=\"text-align: center; color: #514f4d;\">Unsere Projekte<\/h1><\/h1><\/div><div class=\"fusion-sep-clear\"><\/div><div class=\"fusion-separator fusion-full-width-sep\" style=\"margin-left: auto;margin-right: auto;margin-top:6%;width:100%;\"><\/div><div class=\"fusion-sep-clear\"><\/div><style type=\"text\/css\">.fusion-portfolio-wrapper#fusion-portfolio-1 .fusion-portfolio-content{  text-align: left; }<\/style><div class=\"fusion-recent-works fusion-portfolio-element fusion-portfolio fusion-portfolio-1 fusion-portfolio-grid fusion-portfolio-paging-infinite fusion-portfolio-three fusion-portfolio-boxed fusion-portfolio-text fusion-portfolio-rollover fusion-animated\" data-id=\"-rw-1\" data-columns=\"three\" data-animationType=\"fadeIn\" data-animationDuration=\"0.3\" data-animationOffset=\"100%\"><style type=\"text\/css\">.fusion-portfolio-1 .fusion-portfolio-wrapper .fusion-col-spacing{padding:10px;}<\/style><div class=\"fusion-portfolio-wrapper\" id=\"fusion-portfolio-1\" data-picturesize=\"auto\" data-pages=\"4\" style=\"margin:-10px;\"><article id=\"portfolio-1-post-4084\" class=\"fusion-portfolio-post fusion-col-spacing post-4084\"><div class=\"fusion-portfolio-content-wrapper\" style=\"border:1px solid #ebeaea;border-bottom-width:3px;background-color:rgba(255,255,255,0);\"><span class=\"vcard rich-snippet-hidden\"><span class=\"fn\"><a href=\"https:\/\/www.sick-stiftung.org\/ges\/author\/eva-franke-maurus\/\" title=\"Beitr\u00e4ge von Eva Franke-Maurus\" rel=\"author\">Eva Franke-Maurus<\/a><\/span><\/span><span class=\"updated rich-snippet-hidden\">2025-12-11T14:48:44+01:00<\/span>\n\n<div  class=\"fusion-image-wrapper\" aria-haspopup=\"true\">\n\t\n\t\n\t\n\t\t\n\t\t\t\t\t<img width=\"2560\" height=\"1920\" src=\"https:\/\/www.sick-stiftung.org\/ges\/wp-content\/uploads\/2025\/12\/Gisela-und-Erwin-Sick-Stiftung-_-Stipendien-_-2025-12-04-_-IMG-4867-3000px-scaled.jpg\" class=\"attachment-full size-full wp-post-image\" alt=\"\" srcset=\"https:\/\/www.sick-stiftung.org\/ges\/wp-content\/uploads\/2025\/12\/Gisela-und-Erwin-Sick-Stiftung-_-Stipendien-_-2025-12-04-_-IMG-4867-3000px-200x150.jpg 200w, https:\/\/www.sick-stiftung.org\/ges\/wp-content\/uploads\/2025\/12\/Gisela-und-Erwin-Sick-Stiftung-_-Stipendien-_-2025-12-04-_-IMG-4867-3000px-400x300.jpg 400w, https:\/\/www.sick-stiftung.org\/ges\/wp-content\/uploads\/2025\/12\/Gisela-und-Erwin-Sick-Stiftung-_-Stipendien-_-2025-12-04-_-IMG-4867-3000px-600x450.jpg 600w, https:\/\/www.sick-stiftung.org\/ges\/wp-content\/uploads\/2025\/12\/Gisela-und-Erwin-Sick-Stiftung-_-Stipendien-_-2025-12-04-_-IMG-4867-3000px-800x600.jpg 800w, https:\/\/www.sick-stiftung.org\/ges\/wp-content\/uploads\/2025\/12\/Gisela-und-Erwin-Sick-Stiftung-_-Stipendien-_-2025-12-04-_-IMG-4867-3000px-1200x900.jpg 1200w, https:\/\/www.sick-stiftung.org\/ges\/wp-content\/uploads\/2025\/12\/Gisela-und-Erwin-Sick-Stiftung-_-Stipendien-_-2025-12-04-_-IMG-4867-3000px-scaled.jpg 2560w\" sizes=\"(min-width: 2200px) 100vw, (min-width: 784px) 353px, (min-width: 712px) 530px, (min-width: 640px) 712px, \" \/>\n\t\n\n\t\t<div class=\"fusion-rollover\">\n\t<div class=\"fusion-rollover-content\">\n\n\t\t\t\t\t\t\t\t\t\t\t\t\t\t<a class=\"fusion-rollover-link\" href=\"https:\/\/www.sick-stiftung.org\/ges\/unsere%20projekte\/preisverleihung-2025-an-der-hochschule-furtwangen\/\">Preisverleihung 2025 an der Hochschule Furtwangen<\/a>\n\t\t\t\n\t\t\t\t\t\t\t\t\t\t\t\t\t\t\n\t\t\t\t\t\t\t\t\n\t\t\t\t\t\t\t\t\t\t\t\t\t<div class=\"fusion-rollover-sep\"><\/div>\n\t\t\t\t\n\t\t\t\t\t\t\t\t\t\t\t\t\t\t\t\t\t\t<a class=\"fusion-rollover-gallery\" href=\"https:\/\/www.sick-stiftung.org\/ges\/wp-content\/uploads\/2025\/12\/Gisela-und-Erwin-Sick-Stiftung-_-Stipendien-_-2025-12-04-_-IMG-4867-3000px-scaled.jpg\" data-id=\"4084\" data-rel=\"iLightbox[gallery-rw-1]\" data-title=\"Gisela und Erwin Sick Stiftung _ Stipendien _ 2025-12-04 _ IMG-4867 - 3000px\" data-caption=\"\">\n\t\t\t\t\t\tGallerie\t\t\t\t\t<\/a>\n\t\t\t\t\t\t\t\t\t\t\t\t\t\t\n\t\t\t\t\n\t\t\t\t\t\t\t\t\t\t\t\t<h4 class=\"fusion-rollover-title\">\n\t\t\t\t\t<a class=\"fusion-rollover-title-link\" href=\"https:\/\/www.sick-stiftung.org\/ges\/unsere%20projekte\/preisverleihung-2025-an-der-hochschule-furtwangen\/\">\n\t\t\t\t\t\tPreisverleihung 2025 an der Hochschule Furtwangen\t\t\t\t\t<\/a>\n\t\t\t\t<\/h4>\n\t\t\t\n\t\t\t\t\t\t\t\t\t\t\t\t\t\t\t\t\t\t\t\n\t\t\n\t\t\t\t<a class=\"fusion-link-wrapper\" href=\"https:\/\/www.sick-stiftung.org\/ges\/unsere%20projekte\/preisverleihung-2025-an-der-hochschule-furtwangen\/\" aria-label=\"Preisverleihung 2025 an der Hochschule Furtwangen\"><\/a>\n\t<\/div>\n<\/div>\n\n\t\n<\/div>\n<div class=\"fusion-portfolio-content\" style=\"background-color:rgba(255,255,255,0);\"><h2 class=\"entry-title fusion-post-title\"><a href=\"https:\/\/www.sick-stiftung.org\/ges\/unsere projekte\/preisverleihung-2025-an-der-hochschule-furtwangen\/\">Preisverleihung 2025 an der Hochschule Furtwangen<\/a><\/h2><div class=\"fusion-content-sep sep-double sep-solid\" style=\"border-color:#e0dede;\"><\/div><div class=\"fusion-post-content\"><p> Preisverleihung 2025 an der Hochschule Furtwangen F\u00fcr ihre herausragenden Bachelorarbeiten erhielten in diesem Jahr wieder 2 Studenten aus den Bereichen [...]<\/p><\/div><\/div><\/div><\/article><article id=\"portfolio-1-post-4064\" class=\"fusion-portfolio-post fusion-col-spacing post-4064\"><div class=\"fusion-portfolio-content-wrapper\" style=\"border:1px solid #ebeaea;border-bottom-width:3px;background-color:rgba(255,255,255,0);\"><span class=\"vcard rich-snippet-hidden\"><span class=\"fn\"><a href=\"https:\/\/www.sick-stiftung.org\/ges\/author\/eva-franke-maurus\/\" title=\"Beitr\u00e4ge von Eva Franke-Maurus\" rel=\"author\">Eva Franke-Maurus<\/a><\/span><\/span><span class=\"updated rich-snippet-hidden\">2025-12-10T12:06:45+01:00<\/span>\n\n<div  class=\"fusion-image-wrapper\" aria-haspopup=\"true\">\n\t\n\t\n\t\n\t\t\n\t\t\t\t\t<img width=\"756\" height=\"491\" src=\"https:\/\/www.sick-stiftung.org\/ges\/wp-content\/uploads\/2025\/12\/MitDenHaenden_2025.png\" class=\"attachment-full size-full wp-post-image\" alt=\"\" srcset=\"https:\/\/www.sick-stiftung.org\/ges\/wp-content\/uploads\/2025\/12\/MitDenHaenden_2025-200x130.png 200w, https:\/\/www.sick-stiftung.org\/ges\/wp-content\/uploads\/2025\/12\/MitDenHaenden_2025-400x260.png 400w, https:\/\/www.sick-stiftung.org\/ges\/wp-content\/uploads\/2025\/12\/MitDenHaenden_2025-600x390.png 600w, https:\/\/www.sick-stiftung.org\/ges\/wp-content\/uploads\/2025\/12\/MitDenHaenden_2025.png 756w\" sizes=\"(min-width: 2200px) 100vw, (min-width: 784px) 353px, (min-width: 712px) 530px, (min-width: 640px) 712px, \" \/>\n\t\n\n\t\t<div class=\"fusion-rollover\">\n\t<div class=\"fusion-rollover-content\">\n\n\t\t\t\t\t\t\t\t\t\t\t\t\t\t<a class=\"fusion-rollover-link\" href=\"https:\/\/www.sick-stiftung.org\/ges\/unsere%20projekte\/mit-den-haenden-erschaffen-2025\/\">Mit den H\u00e4nden erschaffen 2025<\/a>\n\t\t\t\n\t\t\t\t\t\t\t\t\t\t\t\t\t\t\n\t\t\t\t\t\t\t\t\n\t\t\t\t\t\t\t\t\t\t\t\t\t<div class=\"fusion-rollover-sep\"><\/div>\n\t\t\t\t\n\t\t\t\t\t\t\t\t\t\t\t\t\t\t\t\t\t\t<a class=\"fusion-rollover-gallery\" href=\"https:\/\/www.sick-stiftung.org\/ges\/wp-content\/uploads\/2025\/12\/MitDenHaenden_2025.png\" data-id=\"4064\" data-rel=\"iLightbox[gallery-rw-1]\" data-title=\"MitDenH\u00e4nden_2025\" data-caption=\"\">\n\t\t\t\t\t\tGallerie\t\t\t\t\t<\/a>\n\t\t\t\t\t\t\t\t\t\t\t\t\t\t\n\t\t\t\t\n\t\t\t\t\t\t\t\t\t\t\t\t<h4 class=\"fusion-rollover-title\">\n\t\t\t\t\t<a class=\"fusion-rollover-title-link\" href=\"https:\/\/www.sick-stiftung.org\/ges\/unsere%20projekte\/mit-den-haenden-erschaffen-2025\/\">\n\t\t\t\t\t\tMit den H\u00e4nden erschaffen 2025\t\t\t\t\t<\/a>\n\t\t\t\t<\/h4>\n\t\t\t\n\t\t\t\t\t\t\t\t\t\t\t\t\t\t\t\t\t\t\t\n\t\t\n\t\t\t\t<a class=\"fusion-link-wrapper\" href=\"https:\/\/www.sick-stiftung.org\/ges\/unsere%20projekte\/mit-den-haenden-erschaffen-2025\/\" aria-label=\"Mit den H\u00e4nden erschaffen 2025\"><\/a>\n\t<\/div>\n<\/div>\n\n\t\n<\/div>\n<div class=\"fusion-portfolio-content\" style=\"background-color:rgba(255,255,255,0);\"><h2 class=\"entry-title fusion-post-title\"><a href=\"https:\/\/www.sick-stiftung.org\/ges\/unsere projekte\/mit-den-haenden-erschaffen-2025\/\">Mit den H\u00e4nden erschaffen 2025<\/a><\/h2><div class=\"fusion-content-sep sep-double sep-solid\" style=\"border-color:#e0dede;\"><\/div><div class=\"fusion-post-content\"><p> Mit den H\u00e4nden erschaffen 2025 - Im Zeichen des \"Holz\"  In diesem Jahr konnten wir wieder das Projekt \"Mit [...]<\/p><\/div><\/div><\/div><\/article><article id=\"portfolio-1-post-4057\" class=\"fusion-portfolio-post fusion-col-spacing post-4057\"><div class=\"fusion-portfolio-content-wrapper\" style=\"border:1px solid #ebeaea;border-bottom-width:3px;background-color:rgba(255,255,255,0);\"><span class=\"vcard rich-snippet-hidden\"><span class=\"fn\"><a href=\"https:\/\/www.sick-stiftung.org\/ges\/author\/eva-franke-maurus\/\" title=\"Beitr\u00e4ge von Eva Franke-Maurus\" rel=\"author\">Eva Franke-Maurus<\/a><\/span><\/span><span class=\"updated rich-snippet-hidden\">2025-12-10T11:43:52+01:00<\/span>\n\n<div  class=\"fusion-image-wrapper\" aria-haspopup=\"true\">\n\t\n\t\n\t\n\t\t\n\t\t\t\t\t<img width=\"2560\" height=\"754\" src=\"https:\/\/www.sick-stiftung.org\/ges\/wp-content\/uploads\/2025\/12\/Final_Gruppenbild-scaled.jpg\" class=\"attachment-full size-full wp-post-image\" alt=\"\" srcset=\"https:\/\/www.sick-stiftung.org\/ges\/wp-content\/uploads\/2025\/12\/Final_Gruppenbild-200x59.jpg 200w, https:\/\/www.sick-stiftung.org\/ges\/wp-content\/uploads\/2025\/12\/Final_Gruppenbild-400x118.jpg 400w, https:\/\/www.sick-stiftung.org\/ges\/wp-content\/uploads\/2025\/12\/Final_Gruppenbild-600x177.jpg 600w, https:\/\/www.sick-stiftung.org\/ges\/wp-content\/uploads\/2025\/12\/Final_Gruppenbild-800x236.jpg 800w, https:\/\/www.sick-stiftung.org\/ges\/wp-content\/uploads\/2025\/12\/Final_Gruppenbild-1200x353.jpg 1200w, https:\/\/www.sick-stiftung.org\/ges\/wp-content\/uploads\/2025\/12\/Final_Gruppenbild-scaled.jpg 2560w\" sizes=\"(min-width: 2200px) 100vw, (min-width: 784px) 353px, (min-width: 712px) 530px, (min-width: 640px) 712px, \" \/>\n\t\n\n\t\t<div class=\"fusion-rollover\">\n\t<div class=\"fusion-rollover-content\">\n\n\t\t\t\t\t\t\t\t\t\t\t\t\t\t<a class=\"fusion-rollover-link\" href=\"https:\/\/www.sick-stiftung.org\/ges\/unsere%20projekte\/ihk-foerderpreisverleihung-2025\/\">IHK F\u00f6rderpreisverleihung 2025<\/a>\n\t\t\t\n\t\t\t\t\t\t\t\t\t\t\t\t\t\t\n\t\t\t\t\t\t\t\t\n\t\t\t\t\t\t\t\t\t\t\t\t\t<div class=\"fusion-rollover-sep\"><\/div>\n\t\t\t\t\n\t\t\t\t\t\t\t\t\t\t\t\t\t\t\t\t\t\t<a class=\"fusion-rollover-gallery\" href=\"https:\/\/www.sick-stiftung.org\/ges\/wp-content\/uploads\/2025\/12\/Final_Gruppenbild-scaled.jpg\" data-id=\"4057\" data-rel=\"iLightbox[gallery-rw-1]\" data-title=\"Final_Gruppenbild\" data-caption=\"\">\n\t\t\t\t\t\tGallerie\t\t\t\t\t<\/a>\n\t\t\t\t\t\t\t\t\t\t\t\t\t\t\n\t\t\t\t\n\t\t\t\t\t\t\t\t\t\t\t\t<h4 class=\"fusion-rollover-title\">\n\t\t\t\t\t<a class=\"fusion-rollover-title-link\" href=\"https:\/\/www.sick-stiftung.org\/ges\/unsere%20projekte\/ihk-foerderpreisverleihung-2025\/\">\n\t\t\t\t\t\tIHK F\u00f6rderpreisverleihung 2025\t\t\t\t\t<\/a>\n\t\t\t\t<\/h4>\n\t\t\t\n\t\t\t\t\t\t\t\t\t\t\t\t\t\t\t\t\t\t\t\n\t\t\n\t\t\t\t<a class=\"fusion-link-wrapper\" href=\"https:\/\/www.sick-stiftung.org\/ges\/unsere%20projekte\/ihk-foerderpreisverleihung-2025\/\" aria-label=\"IHK F\u00f6rderpreisverleihung 2025\"><\/a>\n\t<\/div>\n<\/div>\n\n\t\n<\/div>\n<div class=\"fusion-portfolio-content\" style=\"background-color:rgba(255,255,255,0);\"><h2 class=\"entry-title fusion-post-title\"><a href=\"https:\/\/www.sick-stiftung.org\/ges\/unsere projekte\/ihk-foerderpreisverleihung-2025\/\">IHK F\u00f6rderpreisverleihung 2025<\/a><\/h2><div class=\"fusion-content-sep sep-double sep-solid\" style=\"border-color:#e0dede;\"><\/div><div class=\"fusion-post-content\"><p> IHK F\u00f6rderpreisverleihung 2025  Mehr als 3.400 junge Menschen haben 2025 im IHK-Kammerbezirk ihre Ausbildung abgeschlossen. 36 von Ihnen bekamen [...]<\/p><\/div><\/div><\/div><\/article><article id=\"portfolio-1-post-4041\" class=\"fusion-portfolio-post fusion-col-spacing post-4041\"><div class=\"fusion-portfolio-content-wrapper\" style=\"border:1px solid #ebeaea;border-bottom-width:3px;background-color:rgba(255,255,255,0);\"><span class=\"vcard rich-snippet-hidden\"><span class=\"fn\"><a href=\"https:\/\/www.sick-stiftung.org\/ges\/author\/eva-franke-maurus\/\" title=\"Beitr\u00e4ge von Eva Franke-Maurus\" rel=\"author\">Eva Franke-Maurus<\/a><\/span><\/span><span class=\"updated rich-snippet-hidden\">2025-12-10T11:34:34+01:00<\/span>\n\n<div  class=\"fusion-image-wrapper\" aria-haspopup=\"true\">\n\t\n\t\n\t\n\t\t\n\t\t\t\t\t<img width=\"2560\" height=\"1706\" src=\"https:\/\/www.sick-stiftung.org\/ges\/wp-content\/uploads\/2025\/12\/20251120-SIW-01-042-1-scaled.jpg\" class=\"attachment-full size-full wp-post-image\" alt=\"\" srcset=\"https:\/\/www.sick-stiftung.org\/ges\/wp-content\/uploads\/2025\/12\/20251120-SIW-01-042-1-200x133.jpg 200w, https:\/\/www.sick-stiftung.org\/ges\/wp-content\/uploads\/2025\/12\/20251120-SIW-01-042-1-400x267.jpg 400w, https:\/\/www.sick-stiftung.org\/ges\/wp-content\/uploads\/2025\/12\/20251120-SIW-01-042-1-600x400.jpg 600w, https:\/\/www.sick-stiftung.org\/ges\/wp-content\/uploads\/2025\/12\/20251120-SIW-01-042-1-800x533.jpg 800w, https:\/\/www.sick-stiftung.org\/ges\/wp-content\/uploads\/2025\/12\/20251120-SIW-01-042-1-1200x800.jpg 1200w, https:\/\/www.sick-stiftung.org\/ges\/wp-content\/uploads\/2025\/12\/20251120-SIW-01-042-1-scaled.jpg 2560w\" sizes=\"(min-width: 2200px) 100vw, (min-width: 784px) 353px, (min-width: 712px) 530px, (min-width: 640px) 712px, \" \/>\n\t\n\n\t\t<div class=\"fusion-rollover\">\n\t<div class=\"fusion-rollover-content\">\n\n\t\t\t\t\t\t\t\t\t\t\t\t\t\t<a class=\"fusion-rollover-link\" href=\"https:\/\/www.sick-stiftung.org\/ges\/unsere%20projekte\/kit-karlsruhe-verleihung-deutschlandstipendien-2025\/\">KIT Karlsruhe &#8211; Verleihung Deutschlandstipendien 2025<\/a>\n\t\t\t\n\t\t\t\t\t\t\t\t\t\t\t\t\t\t\n\t\t\t\t\t\t\t\t\n\t\t\t\t\t\t\t\t\t\t\t\t\t<div class=\"fusion-rollover-sep\"><\/div>\n\t\t\t\t\n\t\t\t\t\t\t\t\t\t\t\t\t\t\t\t\t\t\t<a class=\"fusion-rollover-gallery\" href=\"https:\/\/www.sick-stiftung.org\/ges\/wp-content\/uploads\/2025\/12\/20251120-SIW-01-042-1-scaled.jpg\" data-id=\"4041\" data-rel=\"iLightbox[gallery-rw-1]\" data-title=\"Portrait\" data-caption=\"***Kundenauftrag***\n\nPortraitaufnahmen der Stipendiaten und Stipendiatinnen\n\nVerleihung des Deutschlandstipendiums am KIT.\n20. November 2025 im Mathegeb\u00e4ude 20.30 am KIT Campus S\u00fcd. \n\nDas Deutschlandstipendium f\u00f6rdert begabte und leistungsstarke Studierende aller F\u00e4cher an den staatlichen und staatlich anerkannten Hochschulen in Deutschland. Neben \u00fcberzeugenden Noten sollen bei der Vergabe des Deutschlandstipendiums auch gesellschaftliches Engagement und besondere pers\u00f6nliche Leistungen ber\u00fccksichtigt werden \u0096 etwa die erfolgreiche \u00dcberwindung von H\u00fcrden in der eigenen Bildungsbiografie.\n\n\n\u00a9 copyright by \nKarlsruher Institut f\u00fcr Technologie\nCampus Services - Medienproduktion\nAbdruck honorarfrei im redaktionellen Bereich\nBelegexemplar erbeten *** Local Caption *** ***Kundenauftrag***\n\nPortraitaufnahmen der Stipendiaten und Stipendiatinnen\n\nVerleihung des Deutschlandstipendiums am KIT.\n20. November 2025 im Mathegeb\u00e4ude 20.30 am KIT Campus S\u00fcd. \n\nDas Deutschlandstipendium f\u00f6rdert begabte und leistungsstarke Studierende aller F\u00e4cher an den staatlichen und staatlich anerkannten Hochschulen in Deutschland. Neben \u00fcberzeugenden Noten sollen bei der Vergabe des Deutschlandstipendiums auch gesellschaftliches Engagement und besondere pers\u00f6nliche Leistungen ber\u00fccksichtigt werden \u0096 etwa die erfolgreiche \u00dcberwindung von H\u00fcrden in der eigenen Bildungsbiografie.\n\n\n\u00a9 copyright by \nKarlsruher Institut f\u00fcr Technologie\nCampus Services - Medienproduktion\nAbdruck honorarfrei im redaktionellen Bereich\nBelegexemplar erbeten\">\n\t\t\t\t\t\tGallerie\t\t\t\t\t<\/a>\n\t\t\t\t\t\t\t\t\t\t\t\t\t\t\n\t\t\t\t\n\t\t\t\t\t\t\t\t\t\t\t\t<h4 class=\"fusion-rollover-title\">\n\t\t\t\t\t<a class=\"fusion-rollover-title-link\" href=\"https:\/\/www.sick-stiftung.org\/ges\/unsere%20projekte\/kit-karlsruhe-verleihung-deutschlandstipendien-2025\/\">\n\t\t\t\t\t\tKIT Karlsruhe &#8211; Verleihung Deutschlandstipendien 2025\t\t\t\t\t<\/a>\n\t\t\t\t<\/h4>\n\t\t\t\n\t\t\t\t\t\t\t\t\t\t\t\t\t\t\t\t\t\t\t\n\t\t\n\t\t\t\t<a class=\"fusion-link-wrapper\" href=\"https:\/\/www.sick-stiftung.org\/ges\/unsere%20projekte\/kit-karlsruhe-verleihung-deutschlandstipendien-2025\/\" aria-label=\"KIT Karlsruhe &#8211; Verleihung Deutschlandstipendien 2025\"><\/a>\n\t<\/div>\n<\/div>\n\n\t\n<\/div>\n<div class=\"fusion-portfolio-content\" style=\"background-color:rgba(255,255,255,0);\"><h2 class=\"entry-title fusion-post-title\"><a href=\"https:\/\/www.sick-stiftung.org\/ges\/unsere projekte\/kit-karlsruhe-verleihung-deutschlandstipendien-2025\/\">KIT Karlsruhe &#8211; Verleihung Deutschlandstipendien 2025<\/a><\/h2><div class=\"fusion-content-sep sep-double sep-solid\" style=\"border-color:#e0dede;\"><\/div><div class=\"fusion-post-content\"><p>      Bildquelle: \u00a9\u00a0KIT   Feierliche Verleihung der Deutschlandstipendien 2025 am KIT Karlsruhe  Am KIT [...]<\/p><\/div><\/div><\/div><\/article><article id=\"portfolio-1-post-3997\" class=\"fusion-portfolio-post fusion-col-spacing post-3997\"><div class=\"fusion-portfolio-content-wrapper\" style=\"border:1px solid #ebeaea;border-bottom-width:3px;background-color:rgba(255,255,255,0);\"><span class=\"vcard rich-snippet-hidden\"><span class=\"fn\"><a href=\"https:\/\/www.sick-stiftung.org\/ges\/author\/eva-franke-maurus\/\" title=\"Beitr\u00e4ge von Eva Franke-Maurus\" rel=\"author\">Eva Franke-Maurus<\/a><\/span><\/span><span class=\"updated rich-snippet-hidden\">2025-07-30T12:26:51+02:00<\/span>\n\n<div  class=\"fusion-image-wrapper\" aria-haspopup=\"true\">\n\t\n\t\n\t\n\t\t\n\t\t\t\t\t<img width=\"2560\" height=\"1456\" src=\"https:\/\/www.sick-stiftung.org\/ges\/wp-content\/uploads\/2025\/07\/2-scaled.jpg\" class=\"attachment-full size-full wp-post-image\" alt=\"\" srcset=\"https:\/\/www.sick-stiftung.org\/ges\/wp-content\/uploads\/2025\/07\/2-200x114.jpg 200w, https:\/\/www.sick-stiftung.org\/ges\/wp-content\/uploads\/2025\/07\/2-400x228.jpg 400w, https:\/\/www.sick-stiftung.org\/ges\/wp-content\/uploads\/2025\/07\/2-600x341.jpg 600w, https:\/\/www.sick-stiftung.org\/ges\/wp-content\/uploads\/2025\/07\/2-800x455.jpg 800w, https:\/\/www.sick-stiftung.org\/ges\/wp-content\/uploads\/2025\/07\/2-1200x683.jpg 1200w, https:\/\/www.sick-stiftung.org\/ges\/wp-content\/uploads\/2025\/07\/2-scaled.jpg 2560w\" sizes=\"(min-width: 2200px) 100vw, (min-width: 784px) 353px, (min-width: 712px) 530px, (min-width: 640px) 712px, \" \/>\n\t\n\n\t\t<div class=\"fusion-rollover\">\n\t<div class=\"fusion-rollover-content\">\n\n\t\t\t\t\t\t\t\t\t\t\t\t\t\t<a class=\"fusion-rollover-link\" href=\"https:\/\/www.sick-stiftung.org\/ges\/unsere%20projekte\/11-wissenschaftspreisverleihung-tu-hamburg\/\">11. Wissenschaftspreisverleihung TU Hamburg<\/a>\n\t\t\t\n\t\t\t\t\t\t\t\t\t\t\t\t\t\t\n\t\t\t\t\t\t\t\t\n\t\t\t\t\t\t\t\t\t\t\t\t\t<div class=\"fusion-rollover-sep\"><\/div>\n\t\t\t\t\n\t\t\t\t\t\t\t\t\t\t\t\t\t\t\t\t\t\t<a class=\"fusion-rollover-gallery\" href=\"https:\/\/www.sick-stiftung.org\/ges\/wp-content\/uploads\/2025\/07\/2-scaled.jpg\" data-id=\"3997\" data-rel=\"iLightbox[gallery-rw-1]\" data-title=\"2\" data-caption=\"\">\n\t\t\t\t\t\tGallerie\t\t\t\t\t<\/a>\n\t\t\t\t\t\t\t\t\t\t\t\t\t\t\n\t\t\t\t\n\t\t\t\t\t\t\t\t\t\t\t\t<h4 class=\"fusion-rollover-title\">\n\t\t\t\t\t<a class=\"fusion-rollover-title-link\" href=\"https:\/\/www.sick-stiftung.org\/ges\/unsere%20projekte\/11-wissenschaftspreisverleihung-tu-hamburg\/\">\n\t\t\t\t\t\t11. Wissenschaftspreisverleihung TU Hamburg\t\t\t\t\t<\/a>\n\t\t\t\t<\/h4>\n\t\t\t\n\t\t\t\t\t\t\t\t\t\t\t\t\t\t\t\t\t\t\t\n\t\t\n\t\t\t\t<a class=\"fusion-link-wrapper\" href=\"https:\/\/www.sick-stiftung.org\/ges\/unsere%20projekte\/11-wissenschaftspreisverleihung-tu-hamburg\/\" aria-label=\"11. Wissenschaftspreisverleihung TU Hamburg\"><\/a>\n\t<\/div>\n<\/div>\n\n\t\n<\/div>\n<div class=\"fusion-portfolio-content\" style=\"background-color:rgba(255,255,255,0);\"><h2 class=\"entry-title fusion-post-title\"><a href=\"https:\/\/www.sick-stiftung.org\/ges\/unsere projekte\/11-wissenschaftspreisverleihung-tu-hamburg\/\">11. Wissenschaftspreisverleihung TU Hamburg<\/a><\/h2><div class=\"fusion-content-sep sep-double sep-solid\" style=\"border-color:#e0dede;\"><\/div><div class=\"fusion-post-content\"><p> 11. Wissenschaftspreisverleihung TU Hamburg Bereits zum 11. Mal verleiht die Gisela und Erwin Sick Stiftung die Wissenschaftspreise an der TU [...]<\/p><\/div><\/div><\/div><\/article><article id=\"portfolio-1-post-3988\" class=\"fusion-portfolio-post wissenschaft-und-forschung fusion-col-spacing post-3988\"><div class=\"fusion-portfolio-content-wrapper\" style=\"border:1px solid #ebeaea;border-bottom-width:3px;background-color:rgba(255,255,255,0);\"><span class=\"vcard rich-snippet-hidden\"><span class=\"fn\"><a href=\"https:\/\/www.sick-stiftung.org\/ges\/author\/eva-franke-maurus\/\" title=\"Beitr\u00e4ge von Eva Franke-Maurus\" rel=\"author\">Eva Franke-Maurus<\/a><\/span><\/span><span class=\"updated rich-snippet-hidden\">2025-05-28T11:23:33+02:00<\/span>\n\n<div  class=\"fusion-image-wrapper\" aria-haspopup=\"true\">\n\t\n\t\n\t\n\t\t\n\t\t\t\t\t<img width=\"2560\" height=\"1703\" src=\"https:\/\/www.sick-stiftung.org\/ges\/wp-content\/uploads\/2025\/05\/DSC3550-scaled.jpg\" class=\"attachment-full size-full wp-post-image\" alt=\"\" srcset=\"https:\/\/www.sick-stiftung.org\/ges\/wp-content\/uploads\/2025\/05\/DSC3550-200x133.jpg 200w, https:\/\/www.sick-stiftung.org\/ges\/wp-content\/uploads\/2025\/05\/DSC3550-400x266.jpg 400w, https:\/\/www.sick-stiftung.org\/ges\/wp-content\/uploads\/2025\/05\/DSC3550-600x399.jpg 600w, https:\/\/www.sick-stiftung.org\/ges\/wp-content\/uploads\/2025\/05\/DSC3550-800x532.jpg 800w, https:\/\/www.sick-stiftung.org\/ges\/wp-content\/uploads\/2025\/05\/DSC3550-1200x798.jpg 1200w, https:\/\/www.sick-stiftung.org\/ges\/wp-content\/uploads\/2025\/05\/DSC3550-scaled.jpg 2560w\" sizes=\"(min-width: 2200px) 100vw, (min-width: 784px) 353px, (min-width: 712px) 530px, (min-width: 640px) 712px, \" \/>\n\t\n\n\t\t<div class=\"fusion-rollover\">\n\t<div class=\"fusion-rollover-content\">\n\n\t\t\t\t\t\t\t\t\t\t\t\t\t\t<a class=\"fusion-rollover-link\" href=\"https:\/\/www.sick-stiftung.org\/ges\/unsere%20projekte\/vergabe-der-deutschlandstipendien-an-der-htwg-konstanz\/\">Vergabe der Deutschlandstipendien an der HTWG Konstanz<\/a>\n\t\t\t\n\t\t\t\t\t\t\t\t\t\t\t\t\t\t\n\t\t\t\t\t\t\t\t\n\t\t\t\t\t\t\t\t\t\t\t\t\t<div class=\"fusion-rollover-sep\"><\/div>\n\t\t\t\t\n\t\t\t\t\t\t\t\t\t\t\t\t\t\t\t\t\t\t<a class=\"fusion-rollover-gallery\" href=\"https:\/\/www.sick-stiftung.org\/ges\/wp-content\/uploads\/2025\/05\/DSC3550-scaled.jpg\" data-id=\"3988\" data-rel=\"iLightbox[gallery-rw-1]\" data-title=\"_DSC3550\" data-caption=\"\">\n\t\t\t\t\t\tGallerie\t\t\t\t\t<\/a>\n\t\t\t\t\t\t\t\t\t\t\t\t\t\t\n\t\t\t\t\n\t\t\t\t\t\t\t\t\t\t\t\t<h4 class=\"fusion-rollover-title\">\n\t\t\t\t\t<a class=\"fusion-rollover-title-link\" href=\"https:\/\/www.sick-stiftung.org\/ges\/unsere%20projekte\/vergabe-der-deutschlandstipendien-an-der-htwg-konstanz\/\">\n\t\t\t\t\t\tVergabe der Deutschlandstipendien an der HTWG Konstanz\t\t\t\t\t<\/a>\n\t\t\t\t<\/h4>\n\t\t\t\n\t\t\t\t\t\t\t\t\t\t\t\t\t\t<div class=\"fusion-rollover-categories\"><a href=\"https:\/\/www.sick-stiftung.org\/ges\/portfolio_category\/wissenschaft-und-forschung\/\" rel=\"tag\">Wissenschaft und Forschung<\/a><\/div>\t\t\t\t\t\n\t\t\n\t\t\t\t<a class=\"fusion-link-wrapper\" href=\"https:\/\/www.sick-stiftung.org\/ges\/unsere%20projekte\/vergabe-der-deutschlandstipendien-an-der-htwg-konstanz\/\" aria-label=\"Vergabe der Deutschlandstipendien an der HTWG Konstanz\"><\/a>\n\t<\/div>\n<\/div>\n\n\t\n<\/div>\n<div class=\"fusion-portfolio-content\" style=\"background-color:rgba(255,255,255,0);\"><h2 class=\"entry-title fusion-post-title\"><a href=\"https:\/\/www.sick-stiftung.org\/ges\/unsere projekte\/vergabe-der-deutschlandstipendien-an-der-htwg-konstanz\/\">Vergabe der Deutschlandstipendien an der HTWG Konstanz<\/a><\/h2><div class=\"fusion-content-sep sep-double sep-solid\" style=\"border-color:#e0dede;\"><\/div><div class=\"fusion-post-content\"><p> Vergabe der Deutschlandstipendien an der HTWG Konstanz Auch in diesem Jahr vergibt die Gisela und Erwin Sick Stiftung wieder 2 [...]<\/p><\/div><\/div><\/div><\/article><article id=\"portfolio-1-post-3972\" class=\"fusion-portfolio-post preisverleih wissenschaft-und-forschung fusion-col-spacing post-3972\"><div class=\"fusion-portfolio-content-wrapper\" style=\"border:1px solid #ebeaea;border-bottom-width:3px;background-color:rgba(255,255,255,0);\"><span class=\"vcard rich-snippet-hidden\"><span class=\"fn\"><a href=\"https:\/\/www.sick-stiftung.org\/ges\/author\/eva-franke-maurus\/\" title=\"Beitr\u00e4ge von Eva Franke-Maurus\" rel=\"author\">Eva Franke-Maurus<\/a><\/span><\/span><span class=\"updated rich-snippet-hidden\">2025-05-28T10:55:15+02:00<\/span>\n\n<div  class=\"fusion-image-wrapper\" aria-haspopup=\"true\">\n\t\n\t\n\t\n\t\t\n\t\t\t\t\t<img width=\"2560\" height=\"1487\" src=\"https:\/\/www.sick-stiftung.org\/ges\/wp-content\/uploads\/2025\/05\/Finale-Sick-2025-copyright-Oliver-Killig-scaled.jpg\" class=\"attachment-full size-full wp-post-image\" alt=\"\" srcset=\"https:\/\/www.sick-stiftung.org\/ges\/wp-content\/uploads\/2025\/05\/Finale-Sick-2025-copyright-Oliver-Killig-200x116.jpg 200w, https:\/\/www.sick-stiftung.org\/ges\/wp-content\/uploads\/2025\/05\/Finale-Sick-2025-copyright-Oliver-Killig-400x232.jpg 400w, https:\/\/www.sick-stiftung.org\/ges\/wp-content\/uploads\/2025\/05\/Finale-Sick-2025-copyright-Oliver-Killig-600x348.jpg 600w, https:\/\/www.sick-stiftung.org\/ges\/wp-content\/uploads\/2025\/05\/Finale-Sick-2025-copyright-Oliver-Killig-800x465.jpg 800w, https:\/\/www.sick-stiftung.org\/ges\/wp-content\/uploads\/2025\/05\/Finale-Sick-2025-copyright-Oliver-Killig-1200x697.jpg 1200w, https:\/\/www.sick-stiftung.org\/ges\/wp-content\/uploads\/2025\/05\/Finale-Sick-2025-copyright-Oliver-Killig-scaled.jpg 2560w\" sizes=\"(min-width: 2200px) 100vw, (min-width: 784px) 353px, (min-width: 712px) 530px, (min-width: 640px) 712px, \" \/>\n\t\n\n\t\t<div class=\"fusion-rollover\">\n\t<div class=\"fusion-rollover-content\">\n\n\t\t\t\t\t\t\t\t\t\t\t\t\t\t<a class=\"fusion-rollover-link\" href=\"https:\/\/www.sick-stiftung.org\/ges\/unsere%20projekte\/foerderpreisverleihung-2025-tu-dresden\/\">F\u00f6rderpreisverleihung 2025 TU Dresden<\/a>\n\t\t\t\n\t\t\t\t\t\t\t\t\t\t\t\t\t\t\n\t\t\t\t\t\t\t\t\n\t\t\t\t\t\t\t\t\t\t\t\t\t<div class=\"fusion-rollover-sep\"><\/div>\n\t\t\t\t\n\t\t\t\t\t\t\t\t\t\t\t\t\t\t\t\t\t\t<a class=\"fusion-rollover-gallery\" href=\"https:\/\/www.sick-stiftung.org\/ges\/wp-content\/uploads\/2025\/05\/Finale-Sick-2025-copyright-Oliver-Killig-scaled.jpg\" data-id=\"3972\" data-rel=\"iLightbox[gallery-rw-1]\" data-title=\"Preis der Sick - Stiftung\" data-caption=\"Preisverleihung der Sick Stiftung am 16.05.2025 in Technische Universitaet Dresden ( TUD ) . Foto: Oliver Killig\">\n\t\t\t\t\t\tGallerie\t\t\t\t\t<\/a>\n\t\t\t\t\t\t\t\t\t\t\t\t\t\t\n\t\t\t\t\n\t\t\t\t\t\t\t\t\t\t\t\t<h4 class=\"fusion-rollover-title\">\n\t\t\t\t\t<a class=\"fusion-rollover-title-link\" href=\"https:\/\/www.sick-stiftung.org\/ges\/unsere%20projekte\/foerderpreisverleihung-2025-tu-dresden\/\">\n\t\t\t\t\t\tF\u00f6rderpreisverleihung 2025 TU Dresden\t\t\t\t\t<\/a>\n\t\t\t\t<\/h4>\n\t\t\t\n\t\t\t\t\t\t\t\t\t\t\t\t\t\t<div class=\"fusion-rollover-categories\"><a href=\"https:\/\/www.sick-stiftung.org\/ges\/portfolio_category\/preisverleih\/\" rel=\"tag\">Preisverleih<\/a>, <a href=\"https:\/\/www.sick-stiftung.org\/ges\/portfolio_category\/wissenschaft-und-forschung\/\" rel=\"tag\">Wissenschaft und Forschung<\/a><\/div>\t\t\t\t\t\n\t\t\n\t\t\t\t<a class=\"fusion-link-wrapper\" href=\"https:\/\/www.sick-stiftung.org\/ges\/unsere%20projekte\/foerderpreisverleihung-2025-tu-dresden\/\" aria-label=\"F\u00f6rderpreisverleihung 2025 TU Dresden\"><\/a>\n\t<\/div>\n<\/div>\n\n\t\n<\/div>\n<div class=\"fusion-portfolio-content\" style=\"background-color:rgba(255,255,255,0);\"><h2 class=\"entry-title fusion-post-title\"><a href=\"https:\/\/www.sick-stiftung.org\/ges\/unsere projekte\/foerderpreisverleihung-2025-tu-dresden\/\">F\u00f6rderpreisverleihung 2025 TU Dresden<\/a><\/h2><div class=\"fusion-content-sep sep-double sep-solid\" style=\"border-color:#e0dede;\"><\/div><div class=\"fusion-post-content\"><p> F\u00f6rderpreisverleihung 2025 TU Dresden Seit vielen Jahren vergibt die Gisela und Erwin Sick Stiftung an der TU Dresden einen F\u00f6rderpreis [...]<\/p><\/div><\/div><\/div><\/article><article id=\"portfolio-1-post-3913\" class=\"fusion-portfolio-post fusion-col-spacing post-3913\"><div class=\"fusion-portfolio-content-wrapper\" style=\"border:1px solid #ebeaea;border-bottom-width:3px;background-color:rgba(255,255,255,0);\"><span class=\"vcard rich-snippet-hidden\"><span class=\"fn\"><a href=\"https:\/\/www.sick-stiftung.org\/ges\/author\/eva-franke-maurus\/\" title=\"Beitr\u00e4ge von Eva Franke-Maurus\" rel=\"author\">Eva Franke-Maurus<\/a><\/span><\/span><span class=\"updated rich-snippet-hidden\">2025-05-28T10:13:59+02:00<\/span>\n\n<div  class=\"fusion-image-wrapper\" aria-haspopup=\"true\">\n\t\n\t\n\t\n\t\t\n\t\t\t\t\t<img width=\"1772\" height=\"1161\" src=\"https:\/\/www.sick-stiftung.org\/ges\/wp-content\/uploads\/2025\/05\/25-WRO-065.jpg\" class=\"attachment-full size-full wp-post-image\" alt=\"\" srcset=\"https:\/\/www.sick-stiftung.org\/ges\/wp-content\/uploads\/2025\/05\/25-WRO-065-200x131.jpg 200w, https:\/\/www.sick-stiftung.org\/ges\/wp-content\/uploads\/2025\/05\/25-WRO-065-400x262.jpg 400w, https:\/\/www.sick-stiftung.org\/ges\/wp-content\/uploads\/2025\/05\/25-WRO-065-600x393.jpg 600w, https:\/\/www.sick-stiftung.org\/ges\/wp-content\/uploads\/2025\/05\/25-WRO-065-800x524.jpg 800w, https:\/\/www.sick-stiftung.org\/ges\/wp-content\/uploads\/2025\/05\/25-WRO-065-1200x786.jpg 1200w, https:\/\/www.sick-stiftung.org\/ges\/wp-content\/uploads\/2025\/05\/25-WRO-065.jpg 1772w\" sizes=\"(min-width: 2200px) 100vw, (min-width: 784px) 353px, (min-width: 712px) 530px, (min-width: 640px) 712px, \" \/>\n\t\n\n\t\t<div class=\"fusion-rollover\">\n\t<div class=\"fusion-rollover-content\">\n\n\t\t\t\t\t\t\t\t\t\t\t\t\t\t<a class=\"fusion-rollover-link\" href=\"https:\/\/www.sick-stiftung.org\/ges\/unsere%20projekte\/regionalwettbewerb-world-robot-olympiad-2025\/\">Regionalwettbewerb World Robot Olympiad 2025<\/a>\n\t\t\t\n\t\t\t\t\t\t\t\t\t\t\t\t\t\t\n\t\t\t\t\t\t\t\t\n\t\t\t\t\t\t\t\t\t\t\t\t\t<div class=\"fusion-rollover-sep\"><\/div>\n\t\t\t\t\n\t\t\t\t\t\t\t\t\t\t\t\t\t\t\t\t\t\t<a class=\"fusion-rollover-gallery\" href=\"https:\/\/www.sick-stiftung.org\/ges\/wp-content\/uploads\/2025\/05\/25-WRO-065.jpg\" data-id=\"3913\" data-rel=\"iLightbox[gallery-rw-1]\" data-title=\"25-WRO-065\" data-caption=\"\">\n\t\t\t\t\t\tGallerie\t\t\t\t\t<\/a>\n\t\t\t\t\t\t\t\t\t\t\t\t\t\t\n\t\t\t\t\n\t\t\t\t\t\t\t\t\t\t\t\t<h4 class=\"fusion-rollover-title\">\n\t\t\t\t\t<a class=\"fusion-rollover-title-link\" href=\"https:\/\/www.sick-stiftung.org\/ges\/unsere%20projekte\/regionalwettbewerb-world-robot-olympiad-2025\/\">\n\t\t\t\t\t\tRegionalwettbewerb World Robot Olympiad 2025\t\t\t\t\t<\/a>\n\t\t\t\t<\/h4>\n\t\t\t\n\t\t\t\t\t\t\t\t\t\t\t\t\t\t\t\t\t\t\t\n\t\t\n\t\t\t\t<a class=\"fusion-link-wrapper\" href=\"https:\/\/www.sick-stiftung.org\/ges\/unsere%20projekte\/regionalwettbewerb-world-robot-olympiad-2025\/\" aria-label=\"Regionalwettbewerb World Robot Olympiad 2025\"><\/a>\n\t<\/div>\n<\/div>\n\n\t\n<\/div>\n<div class=\"fusion-portfolio-content\" style=\"background-color:rgba(255,255,255,0);\"><h2 class=\"entry-title fusion-post-title\"><a href=\"https:\/\/www.sick-stiftung.org\/ges\/unsere projekte\/regionalwettbewerb-world-robot-olympiad-2025\/\">Regionalwettbewerb World Robot Olympiad 2025<\/a><\/h2><div class=\"fusion-content-sep sep-double sep-solid\" style=\"border-color:#e0dede;\"><\/div><div class=\"fusion-post-content\"><p>    Regionalwettbewerb der World Robot Olympiad 2025 Wie in jedem Jahr findet auch 2025 wieder der Regionalwettbewerb der [...]<\/p><\/div><\/div><\/div><\/article><\/div><div class=\"fusion-infinite-scroll-trigger\"><\/div><div class=\"pagination infinite-scroll clearfix\" style=\"display:none;\"><span class=\"current\">1<\/span><a href=\"https:\/\/www.sick-stiftung.org\/ges\/wp-json\/wp\/v2\/pages\/178\/page\/2\/\" class=\"inactive\">2<\/a><a class=\"pagination-next\" rel=\"next\" href=\"https:\/\/www.sick-stiftung.org\/ges\/wp-json\/wp\/v2\/pages\/178\/page\/2\/\"><span class=\"page-text\">Vor<\/span><span class=\"page-next\"><\/span><\/a><\/div><div class=\"fusion-clearfix\"><\/div><\/div><div class=\"fusion-sep-clear\"><\/div><div class=\"fusion-separator fusion-full-width-sep\" style=\"margin-left: auto;margin-right: auto;margin-top:5%;width:100%;\"><\/div><div class=\"fusion-sep-clear\"><\/div><div class=\"fusion-clearfix\"><\/div><\/div><\/div><\/div><\/div>\n","protected":false},"excerpt":{"rendered":"","protected":false},"author":1,"featured_media":0,"parent":0,"menu_order":0,"comment_status":"closed","ping_status":"closed","template":"","meta":[],"_links":{"self":[{"href":"https:\/\/www.sick-stiftung.org\/ges\/wp-json\/wp\/v2\/pages\/178"}],"collection":[{"href":"https:\/\/www.sick-stiftung.org\/ges\/wp-json\/wp\/v2\/pages"}],"about":[{"href":"https:\/\/www.sick-stiftung.org\/ges\/wp-json\/wp\/v2\/types\/page"}],"author":[{"embeddable":true,"href":"https:\/\/www.sick-stiftung.org\/ges\/wp-json\/wp\/v2\/users\/1"}],"replies":[{"embeddable":true,"href":"https:\/\/www.sick-stiftung.org\/ges\/wp-json\/wp\/v2\/comments?post=178"}],"version-history":[{"count":0,"href":"https:\/\/www.sick-stiftung.org\/ges\/wp-json\/wp\/v2\/pages\/178\/revisions"}],"wp:attachment":[{"href":"https:\/\/www.sick-stiftung.org\/ges\/wp-json\/wp\/v2\/media?parent=178"}],"curies":[{"name":"wp","href":"https:\/\/api.w.org\/{rel}","templated":true}]}}