{"id":918,"date":"2017-05-05T16:57:17","date_gmt":"2017-05-05T14:57:17","guid":{"rendered":"http:\/\/www.sick-stiftung.org\/ges\/?page_id=918"},"modified":"2021-06-23T12:38:15","modified_gmt":"2021-06-23T10:38:15","slug":"impressum","status":"publish","type":"page","link":"https:\/\/www.sick-stiftung.org\/ges\/impressum\/","title":{"rendered":"Impressum"},"content":{"rendered":"<div class=\"fusion-fullwidth fullwidth-box fusion-builder-row-1 nonhundred-percent-fullwidth non-hundred-percent-height-scrolling fusion-equal-height-columns\" style=\"background-color: rgba(255,255,255,0);background-position: center center;background-repeat: no-repeat;padding-top:20px;padding-right:0px;padding-bottom:0px;padding-left:0px;border-width: 0px 0px 0px 0px;border-color:#eae9e9;border-style:solid;\" ><div class=\"fusion-builder-row fusion-row\"><div class=\"fusion-layout-column fusion_builder_column fusion-builder-column-0 fusion_builder_column_1_1 1_1 fusion-one-full fusion-column-first fusion-column-last\" style=\"margin-top:0px;margin-bottom:0px;\"><div class=\"fusion-column-wrapper fusion-flex-column-wrapper-legacy\" style=\"background-position:left top;background-repeat:no-repeat;-webkit-background-size:cover;-moz-background-size:cover;-o-background-size:cover;background-size:cover;padding: 0px 0px 0px 0px;\"><div class=\"fusion-column-content-centered\"><div class=\"fusion-column-content\"><div class=\"fusion-text fusion-text-1\" style=\"transform:translate3d(0,0,0);\"><h2>Angaben gem\u00e4\u00df \u00a7 5 TMG:<\/h2>\n<div class=\"post-content\">\n<h3>Gisela und Erwin Sick Stiftung<br \/>\nWaldkircher Stra\u00dfe 12<br \/>\nAlter Zollhof<br \/>\n79106 Freiburg<\/h3>\n<p>Telefon +49 761 881589-50<br \/>\nTelefax +49-761-282 91 90<\/p>\n<p>ges@sick-stiftung.org<br \/>\nwww.sick-stiftung.org<\/p>\n<\/div>\n<form class=\"avada-contact-form\" action=\"https:\/\/www.sick-stiftung.org\/ges\/kontakt\/\" method=\"post\"><\/form>\n<h3>Vertreten durch:<\/h3>\n<p class=\"p1\"><span class=\"s1\">Prof. J\u00fcrgen Werner, Vorsitzender des Vorstandes<\/span><\/p>\n<h3>Kontakt:<\/h3>\n<p>Telefon +49-761-282 91 97<br \/>\nTelefax +49-761-282 91 90<\/p>\n<p>ges@sick-stiftung.org<br \/>\nwww.sick-stiftung.org<\/p>\n<table style=\"height: 9px;\" width=\"153\">\n<tbody>\n<tr>\n<td><\/td>\n<td><\/td>\n<\/tr>\n<tr>\n<td><\/td>\n<td><\/td>\n<\/tr>\n<tr>\n<td><\/td>\n<td><\/td>\n<\/tr>\n<\/tbody>\n<\/table>\n<h3>Registereintrag:<\/h3>\n<p>Eintragung im Handelsregister.<br \/>\nRegistergericht:<br \/>\nRegisternummer: HRB 280483<\/p>\n<p>Wir sind nicht bereit oder verpflichtet, an Streitbeilegungsverfahren vor einer<br \/>\nVerbraucherschlichtungsstelle teilzunehmen.<\/p>\n<h3>Haftung f\u00fcr Inhalte<\/h3>\n<p>Als Diensteanbieter sind wir gem\u00e4\u00df \u00a7 7 Abs.1<br \/>\nTMG f\u00fcr eigene Inhalte auf diesen Seiten nach den allgemeinen Gesetzen<br \/>\nverantwortlich. Nach \u00a7\u00a7 8 bis 10 TMG sind wir als Diensteanbieter<br \/>\njedoch nicht verpflichtet, \u00fcbermittelte oder gespeicherte fremde<br \/>\nInformationen zu \u00fcberwachen oder nach Umst\u00e4nden zu forschen, die<br \/>\nauf eine rechtswidrige T\u00e4tigkeit hinweisen.<\/p>\n<p>Verpflichtungen zur Entfernung oder Sperrung der Nutzung von Informationen nach den allgemeinen<br \/>\nGesetzen bleiben hiervon unber\u00fchrt. Eine diesbez\u00fcgliche Haftung ist<br \/>\njedoch erst ab dem Zeitpunkt der Kenntnis einer konkreten Rechtsverletzung<br \/>\nm\u00f6glich. Bei Bekanntwerden von entsprechenden Rechtsverletzungen werden<br \/>\nwir diese Inhalte umgehend entfernen.<\/p>\n<h3>Haftung f\u00fcr Links<\/h3>\n<p>Unser Angebot enth\u00e4lt Links zu externen Webseiten Dritter, auf deren<br \/>\nInhalte wir keinen Einfluss haben. Deshalb k\u00f6nnen wir f\u00fcr diese<br \/>\nfremden Inhalte auch keine Gew\u00e4hr \u00fcbernehmen. F\u00fcr die Inhalte<br \/>\nder verlinkten Seiten ist stets der jeweilige Anbieter oder Betreiber der<br \/>\nSeiten verantwortlich. Die verlinkten Seiten wurden zum Zeitpunkt der<br \/>\nVerlinkung auf m\u00f6gliche Rechtsverst\u00f6\u00dfe \u00fcberpr\u00fcft.<br \/>\nRechtswidrige Inhalte waren zum Zeitpunkt der Verlinkung nicht erkennbar.<\/p>\n<p>Eine permanente inhaltliche Kontrolle der verlinkten Seiten ist jedoch<br \/>\nohne konkrete Anhaltspunkte einer Rechtsverletzung nicht zumutbar. Bei<br \/>\nBekanntwerden von Rechtsverletzungen werden wir derartige Links umgehend<br \/>\nentfernen.<\/p>\n<h3>Urheberrecht<\/h3>\n<p>Die durch die Seitenbetreiber<br \/>\nerstellten Inhalte und Werke auf diesen Seiten unterliegen dem deutschen<br \/>\nUrheberrecht. Die Vervielf\u00e4ltigung, Bearbeitung, Verbreitung und jede<br \/>\nArt der Verwertung au\u00dferhalb der Grenzen des Urheberrechtes<br \/>\nbed\u00fcrfen der schriftlichen Zustimmung des jeweiligen Autors bzw.<br \/>\nErstellers. Downloads und Kopien dieser Seite sind nur f\u00fcr den privaten,<br \/>\nnicht kommerziellen Gebrauch gestattet.<\/p>\n<p>Soweit die Inhalte auf dieser Seite nicht vom Betreiber erstellt wurden, werden die Urheberrechte Dritter<br \/>\nbeachtet. Insbesondere werden Inhalte Dritter als solche gekennzeichnet.<br \/>\nSollten Sie trotzdem auf eine Urheberrechtsverletzung aufmerksam werden,<br \/>\nbitten wir um einen entsprechenden Hinweis. Bei Bekanntwerden von<br \/>\nRechtsverletzungen werden wir derartige Inhalte umgehend<br \/>\nentfernen.<\/p>\n<h3>Bildnachweise:<\/h3>\n<h3>AKTUELLES<\/h3>\n<p>Projekt \u201emascil\u201c: \u00a9 P\u00e4dagogische Hochschule Freiburg<br \/>\nGisela Sick Bildungshaus: \u00a9 Kai-Uwe Wudtke<br \/>\nProjekt \u201eSch\u00fclerforschungszentrum Region Freiburg\u201c: \u00a9 SICK AG<br \/>\nSchulmensa: \u00a9 Kai-Uwe Wudtke<\/p>\n<h3>STIFTUNG<\/h3>\n<p>Ehepaar Erwin und Gisela Sick: \u00a9 privat<br \/>\nGisela Sick: \u00a9 Andreas Pohlmann<br \/>\nDr.-Ing. e. h. Erwin Sick: \u00a9 privat<br \/>\nSICK AG: \u00a9 SICK AG<\/p>\n<h3>PROJEKTE<\/h3>\n<p>Projekt \u201eWABE \u2013 Waldkircher Ausbildungsverbund\u201c: \u00a9 Wabe gGmbH<br \/>\nProjekt \u201eKubus<sup>3<\/sup> \u2013 Projektwerkstatt\u201c: \u00a9 Kubus<sup>3<\/sup> \u2013 Projektwerkstatt<br \/>\nProjekt \u201eInstitut Fordern und F\u00f6rdern\u201c: \u00a9 Albert-Schweitzer-Gemeinschaftsschule Gundelfingen<br \/>\nProjekt \u201eFreiburg-Seminar\u201c: \u00a9 Freiburg-Seminar f\u00fcr Mathematik und Naturwissenschaften<br \/>\nProjekt \u201eplus-MINT\u201c \u2013 bundesweite Bildungsinitiative zur MINT-Talentf\u00f6rderung: \u00a9 Schule Birklehof<br \/>\nIHK-F\u00f6rderpreis der Gisela und Erwin Sick Stiftung: \u00a9 IHK S\u00fcdlicher Oberrhein<br \/>\nSch\u00fcler-F\u00f6rderpreis der Gisela und Erwin Sick Stiftung: \u00a9 SICK AG<br \/>\nProjekt \u201eMobile Mathematikwerkstatt\u201c: \u00a9 Schulamt Donaueschingen<br \/>\nProjekt \u201eplus-MINT\u201c am Birklehof in Hinterzarten: \u00a9 Hanspeter Trefzer, Schule Birklehof<br \/>\nProjekt \u201eMathe im Advent\u201c \u00a9 Mathe im Leben gemeinn\u00fctzige GmbH<br \/>\nSICK F\u00f6rderpreise TU Dresden: \u00a9 TUD\/Sebastian Itting<br \/>\nProjekt \u201emascil\u201d: \u00a9 P\u00e4dagogische Hochschule Freiburg<br \/>\nProjekt \u201eICSE\u201c: \u00a9 P\u00e4dagogische Hochschule Freiburg<br \/>\nSICK F\u00f6rderpreise TUHH: \u00a9 Technische Universit\u00e4t Hamburg<\/p>\n<h3>GISELA SICK BILDUNGSHAUS<\/h3>\n<p>Au\u00dfenansicht, Schulmensa, Ausbildungszentrum der SICK AG, St\u00e4dtische Musikschule Waldkirch: \u00a9Kai-Uwe Wudtke<\/p>\n<p>Quelle: <a href=\"https:\/\/www.erecht24. de\">eRecht24<\/a><\/p>\n<h3>Konzeption, Gestaltung &amp; technische Umsetzung:<\/h3>\n<p><a href=\"http:\/\/www.jundh.de\" target=\"_blank\" rel=\"noopener noreferrer\">jung &amp; hungrig GmbH | Werbeagentur<\/a><\/p>\n<\/div><\/div><\/div><div class=\"fusion-clearfix\"><\/div><\/div><\/div><\/div><\/div>\n","protected":false},"excerpt":{"rendered":"","protected":false},"author":1,"featured_media":0,"parent":0,"menu_order":0,"comment_status":"closed","ping_status":"closed","template":"100-width.php","meta":[],"_links":{"self":[{"href":"https:\/\/www.sick-stiftung.org\/ges\/wp-json\/wp\/v2\/pages\/918"}],"collection":[{"href":"https:\/\/www.sick-stiftung.org\/ges\/wp-json\/wp\/v2\/pages"}],"about":[{"href":"https:\/\/www.sick-stiftung.org\/ges\/wp-json\/wp\/v2\/types\/page"}],"author":[{"embeddable":true,"href":"https:\/\/www.sick-stiftung.org\/ges\/wp-json\/wp\/v2\/users\/1"}],"replies":[{"embeddable":true,"href":"https:\/\/www.sick-stiftung.org\/ges\/wp-json\/wp\/v2\/comments?post=918"}],"version-history":[{"count":1,"href":"https:\/\/www.sick-stiftung.org\/ges\/wp-json\/wp\/v2\/pages\/918\/revisions"}],"predecessor-version":[{"id":3350,"href":"https:\/\/www.sick-stiftung.org\/ges\/wp-json\/wp\/v2\/pages\/918\/revisions\/3350"}],"wp:attachment":[{"href":"https:\/\/www.sick-stiftung.org\/ges\/wp-json\/wp\/v2\/media?parent=918"}],"curies":[{"name":"wp","href":"https:\/\/api.w.org\/{rel}","templated":true}]}}